{"id":24,"date":"2014-03-19T16:49:33","date_gmt":"2014-03-19T16:49:33","guid":{"rendered":"http:\/\/wordpress.educom.pt\/TIC-Portugal-14\/?page_id=24"},"modified":"2014-07-01T16:27:58","modified_gmt":"2014-07-01T16:27:58","slug":"organizacao","status":"publish","type":"page","link":"https:\/\/wordpress.educom.pt\/TIC-Portugal-14\/?page_id=24","title":{"rendered":"Organiza\u00e7\u00e3o"},"content":{"rendered":"<h5>EDUCOM &#8211; Associa\u00e7\u00e3o Portuguesa de Telem\u00e1tica Educativa<\/h5>\n<h6 style=\"padding-left: 30px;\">Dire\u00e7\u00e3o da Educom<\/h6>\n<div style=\"padding-left: 60px;\">Jo\u00e3o Correia de Freitas<\/div>\n<div style=\"padding-left: 60px;\">Maria Jo\u00e3o Horta<\/div>\n<div style=\"padding-left: 60px;\"><span style=\"color: #222222;\">Ant\u00f3nio Maneira<\/span><br style=\"color: #222222;\" \/><span style=\"color: #222222;\">Carlos Sousa<\/span><br style=\"color: #222222;\" \/><span style=\"color: #222222;\">Ang\u00e9lica Queiroz<\/span><br style=\"color: #222222;\" \/><span style=\"color: #222222;\">Ana Lu\u00edsa Gon\u00e7alves<\/span><br style=\"color: #222222;\" \/><span style=\"color: #222222;\">Cristina Conchinha<\/span><br style=\"color: #222222;\" \/><span style=\"color: #222222;\">Lu\u00eds Valente<\/span><br style=\"color: #222222;\" \/><span style=\"color: #222222;\">Patr\u00edcia Fidalgo<\/span><\/div>\n<h6 style=\"padding-left: 30px;\"><span style=\"line-height: 1.3;\">Centro de Compet\u00eancia Educom<\/span><\/h6>\n<p style=\"padding-left: 60px;\">Jo\u00e3o Correia de Freitas<br \/>\nMaria Jo\u00e3o Horta<\/p>\n<h6 style=\"padding-left: 30px;\">Centro de Forma\u00e7\u00e3o da Educom<\/h6>\n<p style=\"padding-left: 60px;\">Maria Jo\u00e3o Horta<br \/>\nAna Lu\u00edsa Gon\u00e7alves<\/p>\n<h6 style=\"padding-left: 30px;\">Associados<\/h6>\n<p style=\"padding-left: 60px;\">Esmeralda Oliveira<br \/>\nFernando Mendon\u00e7a<br \/>\nSofia Batista<br \/>\nJacinta Moreno<\/p>\n<h5>Centro de Compet\u00eancia da Universidade de Aveiro<\/h5>\n<h5>Centro de Compet\u00eancia da Universidade de \u00c9vora<\/h5>\n<h5>Centro de Compet\u00eancia da ESE de Santar\u00e9m<\/h5>\n<h5>Centro de Compet\u00eancia da ESE de Set\u00fabal<\/h5>\n<h5>Centro de Compet\u00eancia da Universidade do Minho<\/h5>\n","protected":false},"excerpt":{"rendered":"<p>EDUCOM &#8211; Associa\u00e7\u00e3o Portuguesa de Telem\u00e1tica Educativa Dire\u00e7\u00e3o da Educom Jo\u00e3o Correia de Freitas Maria Jo\u00e3o Horta Ant\u00f3nio ManeiraCarlos SousaAng\u00e9lica QueirozAna Lu\u00edsa Gon\u00e7alvesCristina ConchinhaLu\u00eds ValentePatr\u00edcia Fidalgo Centro de Compet\u00eancia Educom Jo\u00e3o Correia de Freitas Maria Jo\u00e3o Horta Centro de Forma\u00e7\u00e3o da Educom Maria Jo\u00e3o Horta Ana Lu\u00edsa Gon\u00e7alves Associados Esmeralda Oliveira Fernando Mendon\u00e7a Sofia Batista [&hellip;]<\/p>\n","protected":false},"author":2,"featured_media":0,"parent":0,"menu_order":0,"comment_status":"closed","ping_status":"open","template":"","meta":[],"_links":{"self":[{"href":"https:\/\/wordpress.educom.pt\/TIC-Portugal-14\/index.php?rest_route=\/wp\/v2\/pages\/24"}],"collection":[{"href":"https:\/\/wordpress.educom.pt\/TIC-Portugal-14\/index.php?rest_route=\/wp\/v2\/pages"}],"about":[{"href":"https:\/\/wordpress.educom.pt\/TIC-Portugal-14\/index.php?rest_route=\/wp\/v2\/types\/page"}],"author":[{"embeddable":true,"href":"https:\/\/wordpress.educom.pt\/TIC-Portugal-14\/index.php?rest_route=\/wp\/v2\/users\/2"}],"replies":[{"embeddable":true,"href":"https:\/\/wordpress.educom.pt\/TIC-Portugal-14\/index.php?rest_route=%2Fwp%2Fv2%2Fcomments&post=24"}],"version-history":[{"count":12,"href":"https:\/\/wordpress.educom.pt\/TIC-Portugal-14\/index.php?rest_route=\/wp\/v2\/pages\/24\/revisions"}],"predecessor-version":[{"id":641,"href":"https:\/\/wordpress.educom.pt\/TIC-Portugal-14\/index.php?rest_route=\/wp\/v2\/pages\/24\/revisions\/641"}],"wp:attachment":[{"href":"https:\/\/wordpress.educom.pt\/TIC-Portugal-14\/index.php?rest_route=%2Fwp%2Fv2%2Fmedia&parent=24"}],"curies":[{"name":"wp","href":"https:\/\/api.w.org\/{rel}","templated":true}]}}