{"id":30,"date":"2014-03-19T17:00:12","date_gmt":"2014-03-19T17:00:12","guid":{"rendered":"http:\/\/wordpress.educom.pt\/TIC-Portugal-14\/?page_id=30"},"modified":"2014-07-01T11:34:07","modified_gmt":"2014-07-01T11:34:07","slug":"contactos","status":"publish","type":"page","link":"https:\/\/wordpress.educom.pt\/TIC-Portugal-14\/?page_id=30","title":{"rendered":"Informa\u00e7\u00f5es \u00fateis"},"content":{"rendered":"<h3><a href=\"https:\/\/wordpress.educom.pt\/TIC-Portugal-14\/?page_id=541\">\u00a0Comunica\u00e7\u00f5es aceites no Monte de Caparica e em Faro<\/a><\/h3>\n<h3>Contacto<\/h3>\n<p>Email: <strong>tic.portugal14@gmail.com<\/strong><br \/>\nTm: <strong>967301886; 966491170<\/strong><\/p>\n<p>&nbsp;<\/p>\n<h3>Locais de Participa\u00e7\u00e3o<\/h3>\n<p><a title=\"Informa\u00e7\u00f5es \u00fateis em Braga\" href=\"https:\/\/wordpress.educom.pt\/TIC-Portugal-14\/?page_id=180\">Informa\u00e7\u00f5es \u00fateis em Braga<\/a><\/p>\n<p><a title=\"Informa\u00e7\u00f5es \u00fateis Aveiro\" href=\"https:\/\/wordpress.educom.pt\/TIC-Portugal-14\/?page_id=177\">Informa\u00e7\u00f5es \u00fateis em Aveiro<\/a><\/p>\n<p><a title=\"Informa\u00e7\u00f5es \u00fateis em Santar\u00e9m\" href=\"https:\/\/wordpress.educom.pt\/TIC-Portugal-14\/?page_id=136\">Informa\u00e7\u00f5es \u00fateis em Santar\u00e9m<\/a><\/p>\n<p><a title=\"Informa\u00e7\u00f5es \u00fateis em \u00c9vora\" href=\"https:\/\/wordpress.educom.pt\/TIC-Portugal-14\/?page_id=132\">Informa\u00e7\u00f5es \u00fateis em \u00c9vora<\/a><\/p>\n<p><a title=\"Informa\u00e7\u00f5es \u00fateis no Monte da Caparica\" href=\"https:\/\/wordpress.educom.pt\/TIC-Portugal-14\/?page_id=183\">Informa\u00e7\u00f5es \u00fateis\u00a0em\u00a0Monte da Caparica<\/a><\/p>\n<p><a title=\"Informa\u00e7\u00f5es \u00fateis em Set\u00fabal\" href=\"https:\/\/wordpress.educom.pt\/TIC-Portugal-14\/?page_id=130\">Informa\u00e7\u00f5es \u00fateis em Set\u00fabal<\/a><\/p>\n<p><a title=\"Informa\u00e7\u00f5es \u00fateis em Faro\" href=\"https:\/\/wordpress.educom.pt\/TIC-Portugal-14\/?page_id=87\">Informa\u00e7\u00f5es \u00fateis em Faro<\/a><\/p>\n<p>&nbsp;<\/p>\n<h3>Forma\u00e7\u00e3o Creditada<\/h3>\n<div style=\"color: #222222;\">\n<div style=\"color: #222222;\">Est\u00e1 em curso a acredita\u00e7\u00e3o do Encontro de acordo com o novo regime jur\u00eddico da forma\u00e7\u00e3o cont\u00ednua de professores publicado no Di\u00e1rio da Rep\u00fablica, 1.\u00aa s\u00e9rie &#8211; N.\u00ba 29 de 11 de fevereiro de 2014:<\/div>\n<div style=\"color: #222222;\">\n<div><\/div>\n<div>(&#8230;)<\/div>\n<div>Artigo 6.\u00ba<\/div>\n<div><strong>Modalidades de a\u00e7\u00f5es de forma\u00e7\u00e3o<\/strong><\/div>\n<div>1 \u2014 As a\u00e7\u00f5es de forma\u00e7\u00e3o cont\u00ednua abrangem as seguintes modalidades:<\/div>\n<div>(&#8230;)<\/div>\n<div><b>d) A\u00e7\u00f5es de curta dura\u00e7\u00e3o.<\/b><\/div>\n<\/div>\n<\/div>\n<div><\/div>\n","protected":false},"excerpt":{"rendered":"<p>\u00a0Comunica\u00e7\u00f5es aceites no Monte de Caparica e em Faro Contacto Email: tic.portugal14@gmail.com Tm: 967301886; 966491170 &nbsp; Locais de Participa\u00e7\u00e3o Informa\u00e7\u00f5es \u00fateis em Braga Informa\u00e7\u00f5es \u00fateis em Aveiro Informa\u00e7\u00f5es \u00fateis em Santar\u00e9m Informa\u00e7\u00f5es \u00fateis em \u00c9vora Informa\u00e7\u00f5es \u00fateis\u00a0em\u00a0Monte da Caparica Informa\u00e7\u00f5es \u00fateis em Set\u00fabal Informa\u00e7\u00f5es \u00fateis em Faro &nbsp; Forma\u00e7\u00e3o Creditada Est\u00e1 em curso a acredita\u00e7\u00e3o [&hellip;]<\/p>\n","protected":false},"author":2,"featured_media":0,"parent":0,"menu_order":0,"comment_status":"closed","ping_status":"open","template":"","meta":[],"_links":{"self":[{"href":"https:\/\/wordpress.educom.pt\/TIC-Portugal-14\/index.php?rest_route=\/wp\/v2\/pages\/30"}],"collection":[{"href":"https:\/\/wordpress.educom.pt\/TIC-Portugal-14\/index.php?rest_route=\/wp\/v2\/pages"}],"about":[{"href":"https:\/\/wordpress.educom.pt\/TIC-Portugal-14\/index.php?rest_route=\/wp\/v2\/types\/page"}],"author":[{"embeddable":true,"href":"https:\/\/wordpress.educom.pt\/TIC-Portugal-14\/index.php?rest_route=\/wp\/v2\/users\/2"}],"replies":[{"embeddable":true,"href":"https:\/\/wordpress.educom.pt\/TIC-Portugal-14\/index.php?rest_route=%2Fwp%2Fv2%2Fcomments&post=30"}],"version-history":[{"count":38,"href":"https:\/\/wordpress.educom.pt\/TIC-Portugal-14\/index.php?rest_route=\/wp\/v2\/pages\/30\/revisions"}],"predecessor-version":[{"id":632,"href":"https:\/\/wordpress.educom.pt\/TIC-Portugal-14\/index.php?rest_route=\/wp\/v2\/pages\/30\/revisions\/632"}],"wp:attachment":[{"href":"https:\/\/wordpress.educom.pt\/TIC-Portugal-14\/index.php?rest_route=%2Fwp%2Fv2%2Fmedia&parent=30"}],"curies":[{"name":"wp","href":"https:\/\/api.w.org\/{rel}","templated":true}]}}