{"id":541,"date":"2014-06-20T23:27:19","date_gmt":"2014-06-20T23:27:19","guid":{"rendered":"http:\/\/wordpress.educom.pt\/TIC-Portugal-14\/?page_id=541"},"modified":"2014-07-03T18:53:58","modified_gmt":"2014-07-03T18:53:58","slug":"comunicacoes-aceites-no-monte-de-caparica-e-em-faro","status":"publish","type":"page","link":"https:\/\/wordpress.educom.pt\/TIC-Portugal-14\/?page_id=541","title":{"rendered":"Comunica\u00e7\u00f5es aceites no Monte de Caparica e em Faro"},"content":{"rendered":"<p style=\"text-align: center;\"><b>MONTE DE CAPARICA\u00a0<\/b><b>(<a href=\"https:\/\/wordpress.educom.pt\/TIC-Portugal-14\/wp-content\/uploads\/2014\/07\/resumos_Monte.pdf\" target=\"_blank\">Livro de resumos das comunica\u00e7\u00f5es<\/a>)\u00a0<a href=\"https:\/\/wordpress.educom.pt\/TIC-Portugal-14\/wp-content\/uploads\/2014\/04\/novo.jpg\"><img decoding=\"async\" loading=\"lazy\" class=\"alignnone size-full wp-image-526\" src=\"https:\/\/wordpress.educom.pt\/TIC-Portugal-14\/wp-content\/uploads\/2014\/04\/novo.jpg\" alt=\"novo\" width=\"50\" height=\"35\" \/><\/a><\/b><\/p>\n<hr \/>\n<p><b>Tecnologias 3D nas TIC \u2013 Projeto 3D Alpha<\/b><\/p>\n<p>Artur Manuel Coelho<br \/>\nAgrupamento de Escolas Venda do Pinheiro<\/p>\n<p><b>Que farei com este <i>tablet<\/i>?<\/b><\/p>\n<p>Gon\u00e7alo Sim\u00f5es<br \/>\nAgrupamento de Escolas dos Olivais \u2013 Lisboa<\/p>\n<p><b>TIG na BE \u2013 Tecnologias de Informa\u00e7\u00e3o Geogr\u00e1fica na Biblioteca Escolar<\/b><\/p>\n<p>Sandra Mendes<br \/>\nEscola B\u00e1sica e Secund\u00e1ria da Bemposta \u2013 Portim\u00e3o<\/p>\n<p><b>Em bibliotecas escolares de Sintra, <i>tablets<\/i> ajudam a aprender<\/b><\/p>\n<p>Isabel Mendinhos<br \/>\nInstitui\u00e7\u00e3o: Rede de Bibliotecas Escolares<\/p>\n<p><b>\u201cDo meu sof\u00e1 verde vejo a escola\u201d<\/b><b><br \/>\n<\/b><b>Impactos da TeleAula num projeto de vida<\/b><\/p>\n<p>David Varela a; Rui Fernandes b; Susana Tavares b<br \/>\na Associa\u00e7\u00e3o Vem Vencer; b CANTIC<\/p>\n<p><b>Let\u2019s Animate!\u00a0<\/b><b>Criatividade e inclus\u00e3o num projeto eTwinning<\/b><\/p>\n<p>Betina Santos, S\u00f3nia B\u00e1rtolo, Susana Tavares<br \/>\nAgrupamento de Escolas de Montemor-o-Novo, Agrupamento de Escolas de Alcabideche, CANTIC &#8211; CRTIC Lisboa\/Amadora<\/p>\n<p><b>6 Passos com TIC para @prender<\/b><\/p>\n<p>Maria Helena Felizardo<br \/>\nAgrupamento de Escolas Rainha Santa Isabel \u2013 Carreira<\/p>\n<p><b>Usar as TIC para aprender a pensar: Ser\u00e1 isto uma boa pr\u00e1tica?<\/b><\/p>\n<p>Sim\u00e3o Elias Lomba<br \/>\nAgrupamento de Escolas de Cane\u00e7as<\/p>\n<p><b>&#8220;News report from 2064&#8221; &#8211; L\u00edngua Inglesa com recurso ao iPad<\/b><\/p>\n<p>S\u00edlvia Couvaneiro; Neuza Pedro<br \/>\nInstituto de Educa\u00e7\u00e3o da Universidade de Lisboa<\/p>\n<p><b>As tecnologias de informa\u00e7\u00e3o e comunica\u00e7\u00e3o no Projeto eTwinning \u201cAnimals around us\u201d aplicado no 2\u00ba ciclo\u00a0<\/b><\/p>\n<p>Eg\u00eddia Azevedo 1;\u00a0 Micaela Patr\u00edcio 1; Agnieszka Halicka 2;\u00a0 Urszula Furma\u0144ska 2 e \u017baneta Misiak 2;\u00a0 Aneta Mat\u00fa\u0161kov\u00e1 3; Dovile Kazakauskiene 4; Ineta B\u0113rzi\u0146a 5; Kristina Vatovec 6; Mariana Rotar 7; Marija Zubec 8; Sinisa Rezek 8; Mirjam Franceti\u010d 9; Oliwia Wojtukowicz 10; Theophanis Kapsomanis11<\/p>\n<p>1Agrupamento de Escolas D. Filipa de Lencastre, Portugal<br \/>\n2 Zesp\u00f3\u0142 Szk\u00f3\u0142 nr 2, Konstancin-Jeziorna, Pol\u00f3nia<br \/>\n3 Z\u00e1kladn\u00e1 \u0161kola Milana Rastislava \u0160tef\u00e1nika Lu\u010denec, Lu\u010denec, Eslov\u00e1quia<br \/>\n4 Plok\u0161\u010diai school &#8211; multifunctional centre, Plok\u0161\u010diai, Litu\u00e2nia<br \/>\n5 L\u012bgatnes novada vidusskola, L\u012bgatne, Let\u00f3nia<br \/>\n6 Osnovna sola Pivka, Pivka, Eslov\u00e9nia<br \/>\n7 Scoala Gimnaziala \u201cAlexandru Ioan Cuza, Baia Mare, Rom\u00e9nia<br \/>\n8 Osnovna \u0161kola \u017ditnjak, Zagreb, Cro\u00e1cia<br \/>\n9 Osnovna sola Pivka, Pivka, Eslov\u00e9nia<br \/>\n10 Doga Koleji , Izmir, Turquia<br \/>\n1123\u03bf \u0394\u03b7\u03bc\u03bf\u03c4\u03b9\u03ba\u03cc \u03a3\u03c7\u03bf\u03bb\u03b5\u03af\u03bf \u0398\u03b5\u03c3\u03c3\u03b1\u03bb\u03bf\u03bd\u03af\u03ba\u03b7\u03c2, \u0398\u03b5\u03c3\u03c3\u03b1\u03bb\u03bf\u03bd\u03af\u03ba\u03b7, Gr\u00e9cia<\/p>\n<p><b>Uma experi\u00eancia integrada entre TIC e Portugu\u00eas<\/b><\/p>\n<p>Elsa Estrela; Lu\u00eds Dentinho<br \/>\nEscola Secund\u00e1ria Jorge Peixinho\u00a0 &#8211; Montijo<\/p>\n<p><b>Projeto ITEC: um exemplo inovador da integra\u00e7\u00e3o de tecnologias no curr\u00edculo<\/b><\/p>\n<p>Maria Dulce Pinto<br \/>\nAgrupamento de Escolas Anselmo de Andrade<\/p>\n<p><b>A utiliza\u00e7\u00e3o da plataforma 20 Escola Digital enquanto ferramenta de diferencia\u00e7\u00e3o pedag\u00f3gica\u00a0<\/b><\/p>\n<p>Ol\u00edvia Nascimento<br \/>\nAgrupamento de Escolas das Olaias<\/p>\n<p><b>As TIC na divulga\u00e7\u00e3o e preserva\u00e7\u00e3o do patrim\u00f3nio geol\u00f3gico e paleontol\u00f3gico<\/b><\/p>\n<p>Anabela Ramos; Em\u00edlia Silva<br \/>\nAgrupamento de Escolas de Vialonga<\/p>\n<p><b>Gest\u00e3o de sala de aula e avalia\u00e7\u00e3o das aprendizagens atrav\u00e9s do <i>Mythware E-learning Class\u00a0<\/i><\/b><\/p>\n<p>Jo\u00e3o Azevedo; Sandra Gon\u00e7alves<br \/>\nAgrupamento de Escolas das Olaias<\/p>\n<p><b>Projeto \u2013 Ser empreendedor. Como?<\/b><\/p>\n<p>Maria Teresa Moura<br \/>\nAgrupamento de Escolas D.Filipa de Lencastre<\/p>\n<p><b>e-lab: Implementa\u00e7\u00e3o de um curso <i>online<\/i> para alunos do ensino secund\u00e1rio<\/b><\/p>\n<p>S\u00e9rgio Leal 1,2, Jo\u00e3o Paulo Leal 2,3<\/p>\n<p>1 Departamento de Qu\u00edmica e Bioqu\u00edmica, FCUL, Lisboa, Portugal<br \/>\n2 Escola Secund\u00e1ria Padre Ant\u00f3nio Vieira, Lisboa, Portugal<br \/>\n3 Unidade de Ci\u00eancias Qu\u00edmicas e Radiofarmac\u00eauticas, Instituto Tecnol\u00f3gico Nuclear, Instituto Superior T\u00e9cnico, Sacav\u00e9m, Portugal<\/p>\n<p><b>Vodcasts como estrat\u00e9gia de aprendizagem: Uma experi\u00eancia com alunos de Ci\u00eancias Naturais (8\u00baano) e Geologia (12\u00ba ano)<\/b><\/p>\n<p>Maria Elvira Monteiro<br \/>\nAgrupamento de Escolas de S\u00e3o Jo\u00e3o da Talha<\/p>\n<p><b>Aplica\u00e7\u00f5es digitais no ensino da gravura, em Oficina de Artes<\/b><\/p>\n<p>Manuel Moreira<br \/>\nAgrupamento Vertical de Escolas Bel\u00e9m-Restelo, na Escola EB 2,3 de Paula Vicente<\/p>\n<p><b>A import\u00e2ncia das hist\u00f3rias digitais no desenvolvimento da leitura de alunos com Necessidades Educativas Especiais<\/b><\/p>\n<p>C\u00e9lia Dion\u00edsio; Jo\u00e3o Azevedo<br \/>\nAgrupamento de Escolas das Olaias<\/p>\n<p><strong>Uma avalia\u00e7\u00e3o<em> zoom<\/em> de RED em manual multim\u00e9dia\u2026<\/strong><br \/>\n<strong>\u2026 para uma pedagogia multim\u00e9dia<\/strong><\/p>\n<p>Dulce Franco; Esmeralda Santo<br \/>\nAgrupamento de Escolas\u00a0da Grande Lisboa<br \/>\nCeIED &#8211; Universidade Lus\u00f3fona de Humanidades e Tecnologias (ULHT)<\/p>\n<p><strong>O blog de turma: uma \u201cjanela\u201d para a sala de aula<\/strong><\/p>\n<p>Margarida Belchior<br \/>\nAgrupamento de Escolas Lu\u00eds de Cam\u00f5es &#8211; Lisboa<\/p>\n<p style=\"text-align: center;\"><b>FARO (<a href=\"https:\/\/wordpress.educom.pt\/TIC-Portugal-14\/wp-content\/uploads\/2014\/07\/resumos_Faro_am.pdf\">Livro de resumos das comunica\u00e7\u00f5es<\/a>)\u00a0<a href=\"https:\/\/wordpress.educom.pt\/TIC-Portugal-14\/wp-content\/uploads\/2014\/04\/novo.jpg\"><img decoding=\"async\" loading=\"lazy\" class=\"alignnone size-full wp-image-526\" src=\"https:\/\/wordpress.educom.pt\/TIC-Portugal-14\/wp-content\/uploads\/2014\/04\/novo.jpg\" alt=\"novo\" width=\"50\" height=\"35\" \/><\/a><br \/>\n<\/b><\/p>\n<hr \/>\n<p><b>A Realidade Aumentada em contexto Educativo e Inclusivo<\/b><\/p>\n<p>Fernando Machado<br \/>\nAgrupamento de Escolas Pinheiro e Rosa<\/p>\n<p><b>\u201cTRIUNFO\u201d: um jogo de tabuleiro com rob\u00f4s<\/b><\/p>\n<p>Bruna Carmo; Emanuel Afonso; M\u00e1rio Saleiro; N\u00edsia Gomes<br \/>\nC\u00e2mara Municipal de Vila Real de Santo Ant\u00f3nio<br \/>\nFaculdade de Ci\u00eancias e Tecnologias da Universidade do Algarve<\/p>\n<p><b>A plataforma <i>online<\/i>: \u201cOficina de Matem\u00e1tica\u201d<\/b><\/p>\n<p>Bruna Carmo; N\u00edsia Gomes<br \/>\nC\u00e2mara Municipal de Vila Real de Santo Ant\u00f3nio<\/p>\n<p><b>Constru\u00e7\u00e3o de um site e recursos para o Quadro Interativo<\/b><\/p>\n<p>Lu\u00eds Amaral<br \/>\nAgrupamento de Escolas de Saboia \u2013 Odemira<\/p>\n<p><b><i>Windows Multipoint Server<\/i> em contextos educativos<\/b><\/p>\n<p>Carla Assis<br \/>\nAgrupamento de Escolas Tom\u00e1s Cabreira<\/p>\n<p><b>Utiliza\u00e7\u00e3o das TIC na Aprendizagem Significativa e Humanista da Hist\u00f3ria: O Caso da 1\u00aa Guerra Mundial<\/b><\/p>\n<p>Maria Manuela L\u00facio<br \/>\nAgrupamento de Escolas Professor Paula Nogueira<\/p>\n<p><b>School Radio 4 Learning<\/b><\/p>\n<p>Ruth Gomes; Assun\u00e7\u00e3o Furtado<br \/>\nAgrupamento de Escolas J\u00falio Dantas<\/p>\n<p><b>Yearbook e a Realidade Aumentada<\/b><\/p>\n<p>H\u00e9lia Covas<br \/>\nCol\u00e9gio Internacional de Vilamoura<\/p>\n<p><b>Sala de aula colaborativa<\/b><\/p>\n<p>David Costa<br \/>\nAgrupamento de escolas de Montenegro\/Escola EB de Marchil<\/p>\n<p><b>O eTwinning e o trabalho colaborativo entre escolas europeias<\/b><\/p>\n<p>Isabel Monteiro<br \/>\nAgrupamento Pinheiro e Rosa<\/p>\n<p><b>Prezi e Moodle: Contributos\/din\u00e2micas em contextos educativos<\/b><\/p>\n<p>C\u00e1tia Lisete da Silva Monteiro<br \/>\nAgrupamento de Escolas D. Afonso III &#8211; Faro<\/p>\n<div>\n<p><b>O Moodle como estrat\u00e9gia de comunica\u00e7\u00e3o\u00a0<\/b><\/p>\n<p>Jo\u00e3o Carlos Catarino<br \/>\nAgrupamento de Escolas Pinheiro e Rosa &#8211; Faro<\/p>\n<\/div>\n<p><b>\u00a0<\/b><b>LITERACIA F\u00cdLMICA: Primeiros passos<\/b><\/p>\n<p>Elisete Duarte dos Santos<br \/>\nAgrupamento Professor Paula Nogueira &#8211; Olh\u00e3o<\/p>\n<p><strong>AS TIC\u00a0no ensino da Hist\u00f3ria<\/strong><\/p>\n<p>N\u00e9lia Pereira<br \/>\nEscola E.B. 2,3 D. Afonso III-Faro<\/p>\n","protected":false},"excerpt":{"rendered":"<p>MONTE DE CAPARICA\u00a0(Livro de resumos das comunica\u00e7\u00f5es)\u00a0 Tecnologias 3D nas TIC \u2013 Projeto 3D Alpha Artur Manuel Coelho Agrupamento de Escolas Venda do Pinheiro Que farei com este tablet? Gon\u00e7alo Sim\u00f5es Agrupamento de Escolas dos Olivais \u2013 Lisboa TIG na BE \u2013 Tecnologias de Informa\u00e7\u00e3o Geogr\u00e1fica na Biblioteca Escolar Sandra Mendes Escola B\u00e1sica e Secund\u00e1ria [&hellip;]<\/p>\n","protected":false},"author":6,"featured_media":0,"parent":0,"menu_order":0,"comment_status":"closed","ping_status":"open","template":"","meta":[],"_links":{"self":[{"href":"https:\/\/wordpress.educom.pt\/TIC-Portugal-14\/index.php?rest_route=\/wp\/v2\/pages\/541"}],"collection":[{"href":"https:\/\/wordpress.educom.pt\/TIC-Portugal-14\/index.php?rest_route=\/wp\/v2\/pages"}],"about":[{"href":"https:\/\/wordpress.educom.pt\/TIC-Portugal-14\/index.php?rest_route=\/wp\/v2\/types\/page"}],"author":[{"embeddable":true,"href":"https:\/\/wordpress.educom.pt\/TIC-Portugal-14\/index.php?rest_route=\/wp\/v2\/users\/6"}],"replies":[{"embeddable":true,"href":"https:\/\/wordpress.educom.pt\/TIC-Portugal-14\/index.php?rest_route=%2Fwp%2Fv2%2Fcomments&post=541"}],"version-history":[{"count":19,"href":"https:\/\/wordpress.educom.pt\/TIC-Portugal-14\/index.php?rest_route=\/wp\/v2\/pages\/541\/revisions"}],"predecessor-version":[{"id":669,"href":"https:\/\/wordpress.educom.pt\/TIC-Portugal-14\/index.php?rest_route=\/wp\/v2\/pages\/541\/revisions\/669"}],"wp:attachment":[{"href":"https:\/\/wordpress.educom.pt\/TIC-Portugal-14\/index.php?rest_route=%2Fwp%2Fv2%2Fmedia&parent=541"}],"curies":[{"name":"wp","href":"https:\/\/api.w.org\/{rel}","templated":true}]}}