{"id":578,"date":"2014-06-25T16:44:34","date_gmt":"2014-06-25T16:44:34","guid":{"rendered":"http:\/\/wordpress.educom.pt\/TIC-Portugal-14\/?page_id=578"},"modified":"2014-07-03T21:17:49","modified_gmt":"2014-07-03T21:17:49","slug":"programa-completo","status":"publish","type":"page","link":"https:\/\/wordpress.educom.pt\/TIC-Portugal-14\/?page_id=578","title":{"rendered":"Programa Completo"},"content":{"rendered":"<h3>Programa comum partilhado por videoconfer\u00eancia:<\/h3>\n<p>MANH\u00c3 (das 9.30 \u00e0s 12.30) E FINAL DE TARDE (das 17.30 \u00e0s 19.00) EM VIDEOCONFER\u00caNCIA MULTIPONTO<\/p>\n<h6>\u00a0 \u00a0 \u00a0 \u00a0 \u00a09.30 Sess\u00e3o de Abertura<\/h6>\n<ul>\n<li>Presidente da Educom; Subdirector da FCT-UNL; Diretor da Dire\u00e7\u00e3o-Geral de Educa\u00e7\u00e3o do Minist\u00e9rio da Educa\u00e7\u00e3o e Ci\u00eancia\u00a0(a partir do Monte da Caparica);<\/li>\n<li>Vice-presidente da Educom; Diretora da Escola Secund\u00e1ria Tom\u00e1s Cabreira; Diretor do Centro de Forma\u00e7\u00e3o Ria Formosa\u00a0(a partir de Faro);<\/li>\n<li>Centros de Compet\u00eancia TIC associados \u00e0 iniciativa: Diretores dos Centros de Compet\u00eancia\u00a0(a partir dos diversos Centros).<\/li>\n<\/ul>\n<h6>10.00 Confer\u00eancia:\u00a0<a title=\"Abstracts\" href=\"https:\/\/wordpress.educom.pt\/TIC-Portugal-14\/?page_id=253\" target=\"_blank\">&#8220;Mainstreaming ICT &#8211; enabled learning innovation in Europe: Challenges and opportunities&#8221;<\/a><\/h6>\n<p><a title=\"cv\" href=\"https:\/\/wordpress.educom.pt\/TIC-Portugal-14\/?page_id=248#punie\">Yves Punie<\/a>, Senior scientist no Institute for Prospective Technological Studies (IPTS) &#8211; European Commission Joint Research Centre (JRC) (<a href=\"http:\/\/ipts.jrc.ec.europa.eu\">http:\/\/ipts.jrc.ec.europa.eu<\/a>), Sevilha\u00a0(a partir de Faro)<\/p>\n<h6>\u00a011.00 Intervalo (Coffee break)<\/h6>\n<h6>11.30 Painel: \u201cA utiliza\u00e7\u00e3o de dispositivos m\u00f3veis nas escolas e na sala de aula\u201d<\/h6>\n<ul>\n<li>&#8220;Flipped Classroom&#8221; (sala de aula invertida) \u2013\u00a0<a title=\"cv\" href=\"https:\/\/wordpress.educom.pt\/TIC-Portugal-14\/?page_id=248#valente\">Lu\u00eds Valente<\/a>\u00a0(CC TIC UMinho)\u00a0(a partir de Braga);<\/li>\n<li>Dispositivos m\u00f3veis numa sala de aula do 1.\u00ba Ciclo \u2013 Sofia Cristo (Professora do 1.\u00ba Ciclo no Col\u00e9gio Fonte Velha &#8211; projeto Creative Classrooms Lab)(a partir do Monte da Caparica);<\/li>\n<li>Creative Classrooms Lab \u2013\u00a0<a title=\"cv\" href=\"https:\/\/wordpress.educom.pt\/TIC-Portugal-14\/?page_id=248#franco\">Fernando Franco\u00a0<\/a>(ERTE\/DGE) e\u00a0<a title=\"cv\" href=\"https:\/\/wordpress.educom.pt\/TIC-Portugal-14\/?page_id=248#sousa\">Jo\u00e3o Carlos Sousa<\/a>, (Escola Sec. Santa Maria) (a partir do Monte da Caparica);<\/li>\n<li>EduLabs \u2013 apresenta\u00e7\u00e3o de alguns exemplos de projetos de escolas (E-Xample, LeYa e EDUCOM)\u00a0(a partir do Monte da Caparica e de Faro).<\/li>\n<\/ul>\n<p>Moderadora: Maria Jo\u00e3o Horta (Educom)<\/p>\n<h6>12.30 Almo\u00e7o livre<\/h6>\n<h6>14.00 Partilha de Boas Pr\u00e1ticas (<span style=\"color: #222222;\">varia consoante o local, consulte os respectivos programas<\/span>)<\/h6>\n<h6>15.00 Workshops\u00a0(<span style=\"color: #222222;\">varia consoante o local, consulte os respectivos programas<\/span>)<\/h6>\n<h6>17.00 Intervalo (Coffee break)<\/h6>\n<h6>\u00a0 \u00a0 \u00a0 \u00a0 17.30 Mesa Redonda:\u00a0\u201cAs tecnologias na sala de aula: perspetivas para um futuro pr\u00f3ximo\u201d<\/h6>\n<ul>\n<li>Jos\u00e9 Moura Carvalho (ERTE\/DGE) (a partir do Monte da Caparica);<\/li>\n<li><a title=\"Biografias\" href=\"https:\/\/wordpress.educom.pt\/TIC-Portugal-14\/?page_id=248#pacheco\">Rui Pacheco<\/a>\u00a0e\u00a0<a title=\"Biografias\" href=\"https:\/\/wordpress.educom.pt\/TIC-Portugal-14\/?page_id=248#afonso\">Carla Marisa Afonso<\/a>\u00a0(Porto Editora)(a partir do Monte da Caparica);<\/li>\n<li><a title=\"Biografias\" href=\"https:\/\/wordpress.educom.pt\/TIC-Portugal-14\/?page_id=248#teodoro\">Vitor Teodoro<\/a>\u00a0(FCT\/UNL) (a partir do Monte da Caparica ).<\/li>\n<\/ul>\n<p>Moderador: Jo\u00e3o Correia de Freitas (Educom)<\/p>\n<h6>\u00a0 \u00a0 \u00a0 \u00a0 18.30\u00a0Sess\u00e3o de Encerramento (EM VIDEOCONFER\u00caNCIA MULTIPONTO com os Centro de Compet\u00eancia)<\/h6>\n<ul>\n<li>Educom: Jo\u00e3o Correia de Freitas (FCT\/UNL; Educom) (a partir do Monte da Caparica);<\/li>\n<li>Centros de Compet\u00eancia TIC Associados ao evento: Diretores dos Centros de Compet\u00eancia (a partir dos diversos Centros);<\/li>\n<li>Educom: Maria Jo\u00e3o Horta (Educom) (a partir de Faro).<\/li>\n<\/ul>\n<h6>\u00a0 \u00a0 \u00a0 \u00a0 19.00\u00a0Encerramento<\/h6>\n<hr \/>\n<p>&nbsp;<\/p>\n<h6><span style=\"font-weight: bold;\">Partilha de Boas Pr\u00e1ticas em Faro<\/span><\/h6>\n<div>\n<p><strong>Sala 211 \u00a0<\/strong>&#8211; <a title=\"Resumos de Comunica\u00e7\u00f5es\" href=\"https:\/\/wordpress.educom.pt\/TIC-Portugal-14\/?page_id=599#robos\"><em>\u201cTRIUNFO\u201d: Um jogo de tabuleiro com rob\u00f4s<\/em><\/a> (primeiro autor:\u00a0Bruna Carmo);\u00a0<a title=\"Resumos de Comunica\u00e7\u00f5es\" href=\"https:\/\/wordpress.educom.pt\/TIC-Portugal-14\/?page_id=599#matematica\"><em>A plataforma online \u201cOficina de Matem\u00e1tica\u201d<\/em><\/a> (Bruna Carmo e N\u00edsia Gomes);\u00a0<a title=\"Resumos de Comunica\u00e7\u00f5es\" href=\"https:\/\/wordpress.educom.pt\/TIC-Portugal-14\/?page_id=599#educativos\"><em>Windows Multipoint Server em contextos educativos <\/em><\/a>(Carla Assis);\u00a0<a title=\"Resumos de Comunica\u00e7\u00f5es\" href=\"https:\/\/wordpress.educom.pt\/TIC-Portugal-14\/?page_id=599#colaborativa\"><em>Sala de aula colaborativa<\/em><\/a> (David Costa).<\/p>\n<p><strong>Sala 212<\/strong> &#8211; \u00a0<a title=\"Resumos de Comunica\u00e7\u00f5es\" href=\"https:\/\/wordpress.educom.pt\/TIC-Portugal-14\/?page_id=599#contextoseducativos\"><em>Prezi e Moodle: Contributos\/din\u00e2micas em contextos educativos<\/em> <\/a>(C\u00e1tia Monteiro); <a title=\"Resumos de Comunica\u00e7\u00f5es\" href=\"https:\/\/wordpress.educom.pt\/TIC-Portugal-14\/?page_id=599#comunicacao\">\u00a0<em>O Moodle como estrat\u00e9gia de comunica\u00e7\u00e3o <\/em><\/a>(Jo\u00e3o Carlos Rocha Catarino);\u00a0<a title=\"Resumos de Comunica\u00e7\u00f5es\" href=\"https:\/\/wordpress.educom.pt\/TIC-Portugal-14\/?page_id=599#filmica\"><em>Literacia f\u00edlmica \u2013 primeiros passos<\/em><\/a> (Elisete Duarte dos Santos).<\/p>\n<p><strong>Sala 217\u00a0&#8211; \u00a0<\/strong><a title=\"Resumos de Comunica\u00e7\u00f5es\" href=\"https:\/\/wordpress.educom.pt\/TIC-Portugal-14\/?page_id=599#interativo\">Constru\u00e7\u00e3o de um site e recursos para o quadro interativo<\/a> (Lu\u00eds Amaral);\u00a0<a title=\"Resumos de Comunica\u00e7\u00f5es\" href=\"https:\/\/wordpress.educom.pt\/TIC-Portugal-14\/?page_id=599#mundial\">Utiliza\u00e7\u00e3o das TIC na aprendizagem significativa e humanista da hist\u00f3ria: O caso da 1\u00aa Guerra Mundial<\/a> (Maria Manuela L\u00facio);\u00a0<a title=\"Resumos de Comunica\u00e7\u00f5es\" href=\"https:\/\/wordpress.educom.pt\/TIC-Portugal-14\/?page_id=599#learning\"><em>School radio 4 learning <\/em><\/a>(Ruth Gomes e Assun\u00e7\u00e3o Furtado); \u00a0<a title=\"Resumos de Comunica\u00e7\u00f5es\" href=\"https:\/\/wordpress.educom.pt\/TIC-Portugal-14\/?page_id=599#historia\">As TIC no Ensino da Hist\u00f3ria<\/a> (N\u00e9lia Pereira).<\/p>\n<p><strong>Sala 218\u00a0&#8211;\u00a0<\/strong><a title=\"Resumos de Comunica\u00e7\u00f5es\" href=\"https:\/\/wordpress.educom.pt\/TIC-Portugal-14\/?page_id=599#europeias\">O <em>eTwinning<\/em> e o trabalho colaborativo entre escolas europeias<\/a> (Isabel Monteiro);\u00a0<a title=\"Resumos de Comunica\u00e7\u00f5es\" href=\"https:\/\/wordpress.educom.pt\/TIC-Portugal-14\/?page_id=599#aumentada\"><em>Yearbook<\/em> e a realidade aumentada<\/a> (H\u00e9lia Covas,\u00a0Miguel Rocha e Cid\u00e1lia Bicho);\u00a0<a title=\"Resumos de Comunica\u00e7\u00f5es\" href=\"https:\/\/wordpress.educom.pt\/TIC-Portugal-14\/?page_id=599#inclusivo\">A realidade aumentada em contexto educativo e inclusivo<\/a> (Fernando Machado).<\/p>\n<p><span style=\"font-weight: bold;\">Partilha de Boas Pr\u00e1ticas\u00a0no Monte da Caparica<\/span><\/p>\n<p><strong>Audit\u00f3rio\u00a01A &#8211;\u00a0<\/strong><a title=\"Resumos de Comunica\u00e7\u00f5es no Monte da Caparica\" href=\"https:\/\/wordpress.educom.pt\/TIC-Portugal-14\/?page_id=599#eTwinning\" target=\"_blank\"><em>Let&#8217;s animate<\/em>! Criatividade e inclus\u00e3o num projeto eTwinning<\/a> (Betina Santos, S\u00f3nia B\u00e1rtolo e Susana Tavares);\u00a0<a title=\"Resumos de Comunica\u00e7\u00f5es no Monte da Caparica\" href=\"https:\/\/wordpress.educom.pt\/TIC-Portugal-14\/?page_id=599#pedagogica\" target=\"_blank\">A utiliza\u00e7\u00e3o da plataforma 20 Escola Digital enquanto ferramenta de diferencia\u00e7\u00e3o pedag\u00f3gica <\/a>(Ol\u00edvia Nascimento);\u00a0<a title=\"Resumos de Comunica\u00e7\u00f5es no Monte da Caparica\" href=\"https:\/\/wordpress.educom.pt\/TIC-Portugal-14\/?page_id=599#class\" target=\"_blank\">Gest\u00e3o de sala de aula e avalia\u00e7\u00e3o das aprendizagens atrav\u00e9s do <\/a><em><a title=\"Resumos de Comunica\u00e7\u00f5es no Monte da Caparica\" href=\"https:\/\/wordpress.educom.pt\/TIC-Portugal-14\/?page_id=599#class\" target=\"_blank\">Mythware E-learning Class<\/a> (<\/em>Jo\u00e3o Azevedo e Sandra Gon\u00e7alves);\u00a0<a title=\"Resumos de Comunica\u00e7\u00f5es no Monte da Caparica\" href=\"https:\/\/wordpress.educom.pt\/TIC-Portugal-14\/?page_id=599#especiais\" target=\"_blank\">A import\u00e2ncia das hist\u00f3rias digitais no desenvolvimento da leitura de alunos com Necessidades Educativas Especiais<\/a> (C\u00e9lia Dion\u00edsio, Jo\u00e3o Azevedo);\u00a0<a title=\"Resumos de Comunica\u00e7\u00f5es no Monte da Caparica\" href=\"https:\/\/wordpress.educom.pt\/TIC-Portugal-14\/?page_id=599#aula\" target=\"_blank\">O blogue de turma &#8211; uma \u2018janela\u2019 para a pr\u00e1tica de sala de aula<\/a> (Margarida Belchior).<\/p>\n<p><strong><strong>Audit\u00f3rio\u00a01B\u00a0<\/strong>&#8211;\u00a0<\/strong><a title=\"Resumos de Comunica\u00e7\u00f5es no Monte da Caparica\" href=\"https:\/\/wordpress.educom.pt\/TIC-Portugal-14\/?page_id=599#multimedia\" target=\"_blank\">Uma avalia\u00e7\u00e3o zoom de red em manual multim\u00e9dia&#8230;\u00a0&#8230; para uma pedagogia multim\u00e9dia<\/a> (Dulce Franco e Esmeralda Santo);\u00a0<a title=\"Resumos de Comunica\u00e7\u00f5es no Monte da Caparica\" href=\"https:\/\/wordpress.educom.pt\/TIC-Portugal-14\/?page_id=599#ciclo\" target=\"_blank\">As tecnologias de informa\u00e7\u00e3o e comunica\u00e7\u00e3o no Projeto eTwinning \u201cAnimals around us\u201d aplicado no 2\u00ba ciclo<\/a> (Primeiro autor:\u00a0Eg\u00eddia Azevedo);\u00a0<a title=\"Resumos de Comunica\u00e7\u00f5es no Monte da Caparica\" href=\"https:\/\/wordpress.educom.pt\/TIC-Portugal-14\/?page_id=599#paleontologico\" target=\"_blank\">As TIC na divulga\u00e7\u00e3o e preserva\u00e7\u00e3o do patrim\u00f3nio geol\u00f3gico e paleontol\u00f3gico <\/a>(Anabela Ramos\u00a0e\u00a0Em\u00edlia Silva);\u00a0<a title=\"Resumos de Comunica\u00e7\u00f5es no Monte da Caparica\" href=\"https:\/\/wordpress.educom.pt\/TIC-Portugal-14\/?page_id=599#artes\" target=\"_blank\">Aplica\u00e7\u00f5es digitais no ensino da gravura, em Oficina de Artes<\/a> (Manuel Moreira);\u00a0<a title=\"Resumos de Comunica\u00e7\u00f5es no Monte da Caparica\" href=\"https:\/\/wordpress.educom.pt\/TIC-Portugal-14\/?page_id=599#prender\" target=\"_blank\">6 Passos com TIC para @prender<\/a> (Maria Helena Felizardo).<\/p>\n<p><strong>Sala 1.1 &#8211; \u00a0<\/strong><a title=\"Resumos de Comunica\u00e7\u00f5es no Monte da Caparica\" href=\"https:\/\/wordpress.educom.pt\/TIC-Portugal-14\/?page_id=599#alpha\" target=\"_blank\">Tecnologias 3D nas TIC: Projeto 3D Alpha <\/a>(Artur Manuel Coelho);\u00a0<a title=\"Resumos de Comunica\u00e7\u00f5es no Monte da Caparica\" href=\"https:\/\/wordpress.educom.pt\/TIC-Portugal-14\/?page_id=599#escolar\" target=\"_blank\">TIG na BE: Tecnologias de informa\u00e7\u00e3o geogr\u00e1fica na biblioteca escolar <\/a>(Sandra Mendes);\u00a0<a title=\"Resumos de Comunica\u00e7\u00f5es no Monte da Caparica\" href=\"https:\/\/wordpress.educom.pt\/TIC-Portugal-14\/?page_id=599#pratica\" target=\"_blank\">Usar as TIC para aprender a pensar: Ser\u00e1 isto uma boa pr\u00e1tica?<\/a> (Sim\u00e3o Elias Lomba);\u00a0<a title=\"Resumos de Comunica\u00e7\u00f5es no Monte da Caparica\" href=\"https:\/\/wordpress.educom.pt\/TIC-Portugal-14\/?page_id=599#portugues\" target=\"_blank\">Uma experi\u00eancia integrada entre TIC e portugu\u00eas <\/a>(Elsa Estrela e Lu\u00eds Dentinho).<\/p>\n<p><strong>Sala 1.16\u00a0&#8211;\u00a0<\/strong><a title=\"Resumos de Comunica\u00e7\u00f5es no Monte da Caparica\" href=\"https:\/\/wordpress.educom.pt\/TIC-Portugal-14\/?page_id=599#tablet\" target=\"_blank\">Que farei com este <em>tablet<\/em>? <\/a>(Gon\u00e7alo Sim\u00f5es);\u00a0<a title=\"Resumos de Comunica\u00e7\u00f5es no Monte da Caparica\" href=\"https:\/\/wordpress.educom.pt\/TIC-Portugal-14\/?page_id=599#aprender\" target=\"_blank\">Em bibliotecas escolares de Sintra, tablets ajudam a aprender<\/a> (Isabel Mendinhos);\u00a0<a title=\"Resumos de Comunica\u00e7\u00f5es no Monte da Caparica\" href=\"https:\/\/wordpress.educom.pt\/TIC-Portugal-14\/?page_id=599#vida\" target=\"_blank\">\u201cDo meu sof\u00e1 verde vejo a escola\u201d: Impactos da TeleAula num projeto de vida<\/a> (David Varela, Rui Fernandes e Susana Tavares); \u00a0<a title=\"Resumos de Comunica\u00e7\u00f5es no Monte da Caparica\" href=\"https:\/\/wordpress.educom.pt\/TIC-Portugal-14\/?page_id=599#ipad\" target=\"_blank\">&#8220;<em>News report from<\/em> 2064&#8243;: L\u00edngua inglesa com recurso ao <em>iPad<\/em>\u00a0<\/a>(S\u00edlvia Couvaneiro e Neuza Pedro).<\/p>\n<p><strong>Sala 1.17 &#8211;\u00a0<\/strong><a title=\"Resumos de Comunica\u00e7\u00f5es no Monte da Caparica\" href=\"https:\/\/wordpress.educom.pt\/TIC-Portugal-14\/?page_id=599#curriculo\" target=\"_blank\">Projeto ITEC: Um exemplo inovador da integra\u00e7\u00e3o de tecnologias no curr\u00edculo <\/a>(Maria Dulce Pinto);\u00a0<a title=\"Resumos de Comunica\u00e7\u00f5es no Monte da Caparica\" href=\"https:\/\/wordpress.educom.pt\/TIC-Portugal-14\/?page_id=599#como\" target=\"_blank\">Ser empreendedor. Como?<\/a> (Maria Teresa Moura);\u00a0<a title=\"Resumos de Comunica\u00e7\u00f5es no Monte da Caparica\" href=\"https:\/\/wordpress.educom.pt\/TIC-Portugal-14\/?page_id=599#secundario\" target=\"_blank\">E-lab: Implementa\u00e7\u00e3o de um curso online para alunos do ensino secund\u00e1rio<\/a> (S\u00e9rgio Leal e Jo\u00e3o Paulo Leal);\u00a0<a title=\"Resumos de Comunica\u00e7\u00f5es no Monte da Caparica\" href=\"https:\/\/wordpress.educom.pt\/TIC-Portugal-14\/?page_id=599#ano\" target=\"_blank\"><em>Vodcasts<\/em> como estrat\u00e9gia de aprendizagem: Uma experi\u00eancia com alunos de Ci\u00eancias Naturais (8\u00baano) e Geologia (12\u00ba ano) <\/a>(Maria Elvira Monteiro);\u00a0<a title=\"Resumos de Comunica\u00e7\u00f5es no Monte da Caparica\" href=\"https:\/\/wordpress.educom.pt\/TIC-Portugal-14\/?page_id=599#multilateral\" target=\"_blank\">Ferramentas de comunica\u00e7\u00e3o multilateral <\/a>(Ant\u00f3nio Manuel Marques Silva).<\/p>\n<h6>Partilha de Boas Pr\u00e1ticas em Aveiro<\/h6>\n<p>Projeto AGIRE (L\u00facia Pombo e V\u00e2nia Carlos); Geocaching no parque Infante D. Pedro (Primeiro autor: L\u00facia Pombo);\u00a0Seguranet &#8211; Vis\u00e3o das preocupa\u00e7\u00f5es dos adultos em rela\u00e7\u00e3o \u00e0s quest\u00f5es de seguran\u00e7a na Internet (Maria Jos\u00e9 Loureiro e L\u00facia Pombo);\u00a0\u00a0Webmat &#8211; Materiais manipul\u00e1veis (Pedro Costa);\u00a0An\u00e1lise Digital de V\u00eddeo: Do fen\u00f3meno \u00e0 sua representa\u00e7\u00e3o (\u00c1lvaro Folhas);\u00a0Simuladores, Laborat\u00f3rios Virtuais e Telesc\u00f3pios Rob\u00f3ticos (\u00c1lvaro Folhas);\u00a0Comunidade de Aprendizagem de Utiliza\u00e7\u00e3o de Quadros Interativos &#8211; Diagn\u00f3stico e Interven\u00e7\u00e3o: Um estudo de caso no Agrupamento de Escolas de Castro Daire (Maribel Miranda e Paulo Carvalho);\u00a0CoP &#8220;@rrobas de saber&#8221; &#8211; Constru\u00e7\u00e3o Colaborativa para uma Pr\u00e1tica Inovadora (Maribel Miranda e Maria Salom\u00e9 Pereira).<\/p>\n<h6>Partilha de Boas Pr\u00e1ticas em Set\u00fabal<\/h6>\n<p>As redes Sociais \u2013 uma nova forma de ver a escola (Jo\u00e3o Gr\u00e1cio e\u00a0Ros\u00e1rio Rodrigues);\u00a0Programa Escolhas \u2013 10 anos de Inclus\u00e3o Digital (Paulo Vieira); Escrita e Programa\u00e7\u00e3o: um est\u00edmulo \u00e0 criatividade (Paulo Torcato, Robin Vassantlal, Nuno Torcato e Nuno Burnay);\u00a0TIC nos PES (V\u00e2nia Ramos e\u00a0Rute Carvalho);\u00a0Podcast no 1.\u00ba Ciclo do Ensino B\u00e1sico: O Concurso Conta-nos uma Hist\u00f3ria (Milena Jorge);\u00a0Sala de aula do futuro: Uma realidade em Set\u00fabal (Carlos Cunha);SCIENTIX (Carlos Cunha).<\/p>\n<\/div>\n<div>\n<h6><span style=\"font-weight: bold;\">Workshops\u00a0em\u00a0Faro<\/span><\/h6>\n<ul>\n<li>WS1\u2029 \u2013 \u2029As \u2029TIC \u2029nas \u2029aulas\u2029 de\u2029 Ci\u00eancias \u2029\u2029(Jo\u00e3o\u2029 Correia \u2029de \u2029Freitas\u2029 \u2010 \u2029em\u2029 videoconfer\u00eancia \u2029a \u2029partir\u2029 do\u2029\u00a0Monte \u2029da \u2029Caparica)<\/li>\n<li>WS2\u2029 \u2013 \u2029eTwinning \u2029(Isabel\u2029Monteiro)<\/li>\n<li>WS3\u2029\u00a0\u2013\u2029 \u2029Ambientes\u2029 computacionais\u2029 baseados \u2029no \u2029Scratch \u2029(Fernando\u2029 Mendon\u00e7a)<\/li>\n<li>WS4\u2029 \u2013\u2029 Rob\u00f3tica\u2029 educativa\u2029 em \u2029situa\u00e7\u00f5es\u2029 de\u2029 NEEs\u2029 (Cristina \u2029Conchinha)<\/li>\n<li>WS5\u2029 \u2013 \u2029Os \u2029quadros \u2029interativos \u2029como\u2029 ferramentas \u2029de \u2029apoio \u2029ao\u2029 trabalho \u2029na \u2029sala \u2029de \u2029aula \u2029do \u20291.\u00ba\u00a0Ciclo \u2029(Esmeralda \u2029Oliveira)<\/li>\n<li>WS6\u2029 \u2013 \u2029As \u2029TIC \u2029na \u2029Biblioteca \u2029Escolar\u2029(RBE): \u2029\u201cH\u00e1 \u2029vida \u2029para \u2029al\u00e9m \u2029do \u2029facebook\u201d \u2029(Florinda \u2029Almeida)<\/li>\n<li>WS7\u2029 \u2013\u2029 O\u2029 EDMODO\u2029 (o\u2029 \u201cfacebook\u201d \u2029para \u2029as \u2029escolas) \u2029como \u2029espa\u00e7o \u2029de \u2029trabalho \u2029entre \u2029alunos \u2029e\u2029\u00a0professores \u2029(Carlos \u2029Machado\u2029 Nunes)<\/li>\n<\/ul>\n<h6>Workshops no Monte da Caparica<\/h6>\n<ul>\n<li>WS1 \u2013 As TIC nas aulas de Ci\u00eancias &#8211; Jo\u00e3o Correia de Freitas (Lab. 2.1)<\/li>\n<li>WS2 \u2013 Um teste em 10\u2019 no Moodle 2 &#8211; Sofia Batista (Sala 1.1)<\/li>\n<li>WS3 \u2013 As TIC na Biblioteca Escolar &#8211; Pedro Ucha da Silva e Teodora Costa (Sala 1.2)<\/li>\n<li>WS4 \u2013 V\u00eddeos na Web: da produ\u00e7\u00e3o \u00e0 publica\u00e7\u00e3o &#8211; Jo\u00e3o Chami\u00e7o (Sala 1.8)<\/li>\n<li>WS5 \u2013 <a href=\"https:\/\/wordpress.educom.pt\/TIC-Portugal-14\/?page_id=491\">Produ\u00e7\u00e3o de v\u00eddeo interativo na sala de aula com Korsakow <\/a>&#8211; Ant\u00f3nio Maneira (Sala Media Ground)<\/li>\n<li>WS6 \u2013 <a href=\"https:\/\/sites.google.com\/site\/georeferenciacaoensino\/home\">Geoeduca\u00e7\u00e3o <\/a>&#8211; Nuno Rat\u00e3o (Sala 1.15)<\/li>\n<li>WS7 \u2013 Plataformas de conte\u00fados digitais para utiliza\u00e7\u00e3o em sala de aula com dispositivos m\u00f3veis &#8211; Equipa Leya (Sala 1.16)<\/li>\n<li>WS8 \u2013 <a href=\"https:\/\/wordpress.educom.pt\/TIC-Portugal-14\/?page_id=518\">Aprendizagem da ci\u00eancia no Ensino Secund\u00e1rio com recurso \u00e0 metodologia \u201cFlipped Learning\u201d e \u00e0 utiliza\u00e7\u00e3o de tablets<\/a> &#8211; Jo\u00e3o Carlos Sousa e Fernando Franco (Sala 1.17)<\/li>\n<\/ul>\n<\/div>\n<h6>Workshops em Aveiro<\/h6>\n<ul>\n<li>Avalia\u00e7\u00e3o de aprendizagem com recurso as ferramentas google (Rita Gon\u00e7alves)<\/li>\n<li>Workshop sobre os Flashcards (Filipe C\u00e1lix)<\/li>\n<li>SAPO Campus: partilha e gamification em contexto educativo (Carlos Santos, Lu\u00eds Pedro e Jo\u00e3o Pina)<\/li>\n<li>ArguQuest: Uma plataforma para o desenvolvimento das compet\u00eancias de argumenta\u00e7\u00e3o e questionamento (Maria Jos\u00e9 Loureiro)<\/li>\n<\/ul>\n<h6><span style=\"font-weight: bold;\">Workshops\u00a0<\/span><span style=\"font-weight: bold;\">em Santar\u00e9m<\/span><\/h6>\n<div>\n<ul>\n<li>eTwinning integrado no curr\u00edculo (Miguela Fernandes)<\/li>\n<li>Propostas de atividades com \u200b\u200btecnologias para professores\u00a0(Cid\u00e1lia Marques e Fernando Costa)<\/li>\n<\/ul>\n<\/div>\n<h6><span style=\"font-weight: bold;\">Workshops\u00a0<\/span><span style=\"font-weight: bold;\">em\u00a0<\/span>Set\u00fabal<\/h6>\n<ul>\n<li>Ws1. Ambiente de programa\u00e7\u00e3o Scratch: Imaginar, Programar, Aprender! (Fernando Federico e Isabel Campe\u00e3o)<\/li>\n<li>Ws2. Rob\u00f3tica (Paulo Torcato)<\/li>\n<li>Ws3. Arduino: Arduino e companhia\u00a0(Lu\u00eds Dourado e M\u00e1rio Afonso)<\/li>\n<li>Ws4. Audacity Uma Ferramenta para criar Podcasts (Milena Jorge e Jo\u00e3o Torres)<\/li>\n<\/ul>\n<div><\/div>\n<div><\/div>\n<div><\/div>\n<hr \/>\n<h3><\/h3>\n<h3>Programa em PDF de acordo com os locais de realiza\u00e7\u00e3o:<\/h3>\n<p><b><a href=\"https:\/\/wordpress.educom.pt\/TIC-Portugal-14\/wp-content\/uploads\/2014\/07\/programa_faro_versao_web.pdf\" target=\"_blank\">Programa em Faro<\/a><\/b><\/p>\n<p><strong><a title=\"Programa no Monte da Caparica\" href=\"https:\/\/wordpress.educom.pt\/TIC-Portugal-14\/wp-content\/uploads\/2014\/07\/programa_monte_versao_web.pdf\" target=\"_blank\">Programa no Monte da Caparica<\/a><\/strong><\/p>\n<p><strong><a href=\"https:\/\/wordpress.educom.pt\/TIC-Portugal-14\/wp-content\/uploads\/2014\/03\/Programa_ccticum_4julho.pdf\" target=\"_blank\">Programa em Braga<\/a><\/strong><\/p>\n<p><strong><a title=\"Programa em Aveiro\" href=\"http:\/\/www.ua.pt\/cctic\/PageText.aspx?id=18393\" target=\"_blank\">Programa em Aveiro<\/a><\/strong><\/p>\n<p><strong><a title=\"Programa em Santar\u00e9m\" href=\"http:\/\/cctic.ese.ipsantarem.pt\/cctic\/index.php?option=com_content&amp;view=article&amp;id=157&amp;catid=34&amp;Itemid=72\" target=\"_blank\">Programa em\u00a0Santar\u00e9m<\/a><\/strong><\/p>\n<p><a href=\"http:\/\/projectos.ese.ips.pt\/cctic\/?page_id=2777\" target=\"_blank\"><strong>Programa em Set\u00fabal<\/strong><\/a><\/p>\n<p><strong><a href=\"http:\/\/ccticue.wix.com\/tic-portugal-14\" target=\"_blank\">Programa em \u00c9vora<\/a><\/strong><\/p>\n<p>&nbsp;<\/p>\n","protected":false},"excerpt":{"rendered":"<p>Programa comum partilhado por videoconfer\u00eancia: MANH\u00c3 (das 9.30 \u00e0s 12.30) E FINAL DE TARDE (das 17.30 \u00e0s 19.00) EM VIDEOCONFER\u00caNCIA MULTIPONTO \u00a0 \u00a0 \u00a0 \u00a0 \u00a09.30 Sess\u00e3o de Abertura Presidente da Educom; Subdirector da FCT-UNL; Diretor da Dire\u00e7\u00e3o-Geral de Educa\u00e7\u00e3o do Minist\u00e9rio da Educa\u00e7\u00e3o e Ci\u00eancia\u00a0(a partir do Monte da Caparica); Vice-presidente da Educom; Diretora [&hellip;]<\/p>\n","protected":false},"author":2,"featured_media":0,"parent":0,"menu_order":0,"comment_status":"closed","ping_status":"open","template":"","meta":[],"_links":{"self":[{"href":"https:\/\/wordpress.educom.pt\/TIC-Portugal-14\/index.php?rest_route=\/wp\/v2\/pages\/578"}],"collection":[{"href":"https:\/\/wordpress.educom.pt\/TIC-Portugal-14\/index.php?rest_route=\/wp\/v2\/pages"}],"about":[{"href":"https:\/\/wordpress.educom.pt\/TIC-Portugal-14\/index.php?rest_route=\/wp\/v2\/types\/page"}],"author":[{"embeddable":true,"href":"https:\/\/wordpress.educom.pt\/TIC-Portugal-14\/index.php?rest_route=\/wp\/v2\/users\/2"}],"replies":[{"embeddable":true,"href":"https:\/\/wordpress.educom.pt\/TIC-Portugal-14\/index.php?rest_route=%2Fwp%2Fv2%2Fcomments&post=578"}],"version-history":[{"count":21,"href":"https:\/\/wordpress.educom.pt\/TIC-Portugal-14\/index.php?rest_route=\/wp\/v2\/pages\/578\/revisions"}],"predecessor-version":[{"id":673,"href":"https:\/\/wordpress.educom.pt\/TIC-Portugal-14\/index.php?rest_route=\/wp\/v2\/pages\/578\/revisions\/673"}],"wp:attachment":[{"href":"https:\/\/wordpress.educom.pt\/TIC-Portugal-14\/index.php?rest_route=%2Fwp%2Fv2%2Fmedia&parent=578"}],"curies":[{"name":"wp","href":"https:\/\/api.w.org\/{rel}","templated":true}]}}