{"id":13,"date":"2015-10-22T23:59:57","date_gmt":"2015-10-22T23:59:57","guid":{"rendered":"http:\/\/wordpress.educom.pt\/TIC-Portugal-16\/?page_id=13"},"modified":"2016-06-24T14:26:48","modified_gmt":"2016-06-24T14:26:48","slug":"submissao-de-comunicacoes","status":"publish","type":"page","link":"https:\/\/wordpress.educom.pt\/TIC-Portugal-16\/submissao-de-comunicacoes\/","title":{"rendered":"Submiss\u00e3o de Comunica\u00e7\u00f5es"},"content":{"rendered":"<p>A identidade do encontro tem sido, desde a primeira edi\u00e7\u00e3o, centrada na apresenta\u00e7\u00e3o e reflex\u00e3o em torno de <strong>Boas Pr\u00e1ticas com TIC em Educa\u00e7\u00e3o<\/strong>.<\/p>\n<p>Para apresentar uma Boa Pr\u00e1tica em que tenha estado envolvida\/o dever\u00e1 apresentar um resumo com cerca de <strong>250 palavras<\/strong>\u00a0de acordo com o seguinte modelo:<strong> <a href=\"https:\/\/wordpress.educom.pt\/TIC-Portugal-16\/wp-content\/uploads\/2016\/03\/boas_praticas.pdf\" rel=\"\">boas_praticas<\/a><\/strong><\/p>\n<p>O ficheiro submetido dever\u00e1 ser um documento de texto, <strong>.docx<\/strong> ou <strong>.odt<\/strong> com o seguinte nome: seu_apelido-seu_primeiro_nome, sem acentos (e.g. silva-jose.docx) (Caso apresente mais do que uma boa pr\u00e1tica, acrescente um h\u00edfen e um n\u00famero diferenciador ao nome, por exemplo Silva-Jose-1.doc e Silva-Jose-2.doc).<\/p>\n<p>A proposta de boa pr\u00e1tica a apresentar dever\u00e1 conter uma descri\u00e7\u00e3o dos<strong> objetivos<\/strong> que levaram \u00e0 utiliza\u00e7\u00e3o das tecnologias, do <strong>contexto educativo<\/strong> da utiliza\u00e7\u00e3o que pretende apresentar, bem como do <strong>processo desenvolvido<\/strong> e, caso existam, dos <strong>produtos obtidos<\/strong>.<\/p>\n<p>As submiss\u00f5es ser\u00e3o apreciadas pela organiza\u00e7\u00e3o apenas quanto \u00e0 pertin\u00eancia da boa pr\u00e1tica considerada e a conformidade com o modelo solicitado, n\u00e3o se realizando avalia\u00e7\u00e3o cient\u00edfica das mesmas.<\/p>\n<p>A data limite para submiss\u00e3o de boas pr\u00e1ticas \u00e9 a <strong>12 de junho de 2016<\/strong>.<\/p>\n<p><strong>Antes de submeter uma boa pr\u00e1tica\u00a0<a href=\"https:\/\/wordpress.educom.pt\/TIC-Portugal-16\/inscricao\/\">inscreva-se<\/a> primeiro no encontro.<\/strong><\/p>\n<p><strong>Para proceder \u00e0 submiss\u00e3o de uma boa pr\u00e1tica escolha a localiza\u00e7\u00e3o onde pretende realizar a sua apresenta\u00e7\u00e3o:<\/strong><\/p>\n<p style=\"padding-left: 30px;\"><strong>Submiss\u00e3o de Comunica\u00e7\u00f5es no Monte de Caparica\u00a0(INSCRI\u00c7\u00d5ES ENCERRADAS)<\/strong><\/p>\n<p style=\"padding-left: 30px;\"><strong>Submiss\u00e3o de Comunica\u00e7\u00f5es em Vila Real de Santo Ant\u00f3nio\u00a0(INSCRI\u00c7\u00d5ES ENCERRADAS)<\/strong><\/p>\n<p style=\"padding-left: 30px;\"><strong><a href=\"http:\/\/goo.gl\/forms\/6FMLvil4DZLBNgf63\">Submiss\u00e3o de Comunica\u00e7\u00f5es em Braga<\/a><\/strong> (dispon\u00edvel no formul\u00e1rio de inscri\u00e7\u00e3o)<\/p>\n<p style=\"padding-left: 30px;\"><strong><a href=\"https:\/\/ticportugal16braganca.wordpress.com\/submissao-de-comunicacoes\/\">Submiss\u00e3o de Comunica\u00e7\u00f5es em Bragan\u00e7a<\/a><\/strong><\/p>\n<p style=\"padding-left: 30px;\"><strong>Submiss\u00e3o de Comunica\u00e7\u00f5es em Coimbra (INSCRI\u00c7\u00d5ES ENCERRADAS)<\/strong><\/p>\n<p style=\"padding-left: 30px;\"><strong>Submiss\u00e3o de Comunica\u00e7\u00f5es em \u00c9vora<\/strong> (o evento foi cancelado por decis\u00e3o da organiza\u00e7\u00e3o local, em caso de d\u00favidas contacte a entidade\u00a0<strong>minerva@uevora.pt <\/strong>)<\/p>\n<p style=\"padding-left: 30px;\"><strong>Submiss\u00e3o de Comunica\u00e7\u00f5es em Lisboa\u00a0<\/strong>(o evento foi cancelado por decis\u00e3o da organiza\u00e7\u00e3o local, em caso de d\u00favidas contacte a entidade <strong>c2ti@ie.ulisboa.pt<\/strong>)<\/p>\n<p style=\"padding-left: 30px;\"><strong><a href=\"https:\/\/docs.google.com\/forms\/d\/1fumFjvTYc90zJeKc0KheDogf3mR-1Xkcmkl6SxasDQc\/viewform\">Submiss\u00e3o de Comunica\u00e7\u00f5es em Mangualde<\/a><\/strong><\/p>\n<p style=\"padding-left: 30px;\"><strong><a href=\"https:\/\/wordpress.educom.pt\/TIC-Portugal-16\/submissao-de-comunicacao-em-santarem\/\">Submiss\u00e3o de Comunica\u00e7\u00f5es em Santar\u00e9m<\/a><\/strong><\/p>\n<p style=\"padding-left: 30px;\"><strong><a href=\"https:\/\/docs.google.com\/forms\/d\/12LPGFVNkw9XJ_LzIPRwL0TW4UGw6-uurIHkZdGP7Upg\/viewform?c=0&amp;w=1\">Submiss\u00e3o de Comunica\u00e7\u00f5es em Set\u00fabal<\/a> <\/strong>(dispon\u00edvel no formul\u00e1rio de inscri\u00e7\u00e3o)<\/p>\n<p>Caso pretenda acompanhar a sua comunica\u00e7\u00e3o com a proje\u00e7\u00e3o de diapositivos sugerimos que utilize o modelo de diapositivos do evento dispon\u00edvel para download: <a href=\"https:\/\/wordpress.educom.pt\/TIC-Portugal-16\/wp-content\/uploads\/2015\/10\/modelo-de-diapositivos.pptx\" rel=\"\">modelo-de-diapositivos<\/a><\/p>\n","protected":false},"excerpt":{"rendered":"<p>A identidade do encontro tem sido, desde a primeira edi\u00e7\u00e3o, centrada na apresenta\u00e7\u00e3o e reflex\u00e3o em torno de Boas Pr\u00e1ticas com TIC em Educa\u00e7\u00e3o. Para apresentar uma Boa Pr\u00e1tica em que tenha estado envolvida\/o dever\u00e1 apresentar um resumo com cerca de 250 palavras\u00a0de acordo com o seguinte modelo: boas_praticas O ficheiro submetido dever\u00e1 ser um &hellip; <a href=\"https:\/\/wordpress.educom.pt\/TIC-Portugal-16\/submissao-de-comunicacoes\/\" class=\"more-link\">Continuar a ler <span class=\"screen-reader-text\">Submiss\u00e3o de Comunica\u00e7\u00f5es<\/span> <span class=\"meta-nav\">&rarr;<\/span><\/a><\/p>\n","protected":false},"author":1,"featured_media":0,"parent":0,"menu_order":0,"comment_status":"closed","ping_status":"closed","template":"","meta":[],"_links":{"self":[{"href":"https:\/\/wordpress.educom.pt\/TIC-Portugal-16\/wp-json\/wp\/v2\/pages\/13"}],"collection":[{"href":"https:\/\/wordpress.educom.pt\/TIC-Portugal-16\/wp-json\/wp\/v2\/pages"}],"about":[{"href":"https:\/\/wordpress.educom.pt\/TIC-Portugal-16\/wp-json\/wp\/v2\/types\/page"}],"author":[{"embeddable":true,"href":"https:\/\/wordpress.educom.pt\/TIC-Portugal-16\/wp-json\/wp\/v2\/users\/1"}],"replies":[{"embeddable":true,"href":"https:\/\/wordpress.educom.pt\/TIC-Portugal-16\/wp-json\/wp\/v2\/comments?post=13"}],"version-history":[{"count":27,"href":"https:\/\/wordpress.educom.pt\/TIC-Portugal-16\/wp-json\/wp\/v2\/pages\/13\/revisions"}],"predecessor-version":[{"id":8505,"href":"https:\/\/wordpress.educom.pt\/TIC-Portugal-16\/wp-json\/wp\/v2\/pages\/13\/revisions\/8505"}],"wp:attachment":[{"href":"https:\/\/wordpress.educom.pt\/TIC-Portugal-16\/wp-json\/wp\/v2\/media?parent=13"}],"curies":[{"name":"wp","href":"https:\/\/api.w.org\/{rel}","templated":true}]}}