{"id":6,"date":"2015-10-22T23:32:39","date_gmt":"2015-10-22T23:32:39","guid":{"rendered":"http:\/\/wordpress.educom.pt\/TIC-Portugal-16\/?page_id=6"},"modified":"2016-03-23T13:49:47","modified_gmt":"2016-03-23T13:49:47","slug":"o-que-e","status":"publish","type":"page","link":"https:\/\/wordpress.educom.pt\/TIC-Portugal-16\/o-que-e\/","title":{"rendered":"Apresenta\u00e7\u00e3o"},"content":{"rendered":"<p>Ir\u00e1 realizar-se no dia <strong>1 de julho de 2016<\/strong>, numa iniciativa da Associa\u00e7\u00e3o EDUCOM &#8211; APTE (Associa\u00e7\u00e3o Portuguesa de Telem\u00e1tica Educativa), atrav\u00e9s do seu Centro de Compet\u00eancia TIC e do seu Centro de Forma\u00e7\u00e3o de Professores, a edi\u00e7\u00e3o 2016 do Encontro TIC@Portugal.<\/p>\n<p>Este evento tem como objetivo refletir sobre as pr\u00e1ticas do uso das TIC na Educa\u00e7\u00e3o. Pretende ouvir os <strong>educadores e professores<\/strong> que no terreno usam as TIC, atrav\u00e9s da apresenta\u00e7\u00e3o do seu trabalho, e convida <strong>especialistas<\/strong> a contribu\u00edrem com o que de mais recente se sabe neste dom\u00ednio. \u00c9 uma oportunidade para se divulgar e debater a<strong> utiliza\u00e7\u00e3o das TIC nos processos de ensino e de aprendizagem<\/strong>, com especial \u00eanfase para a utiliza\u00e7\u00e3o dos dispositivos m\u00f3veis na educa\u00e7\u00e3o e para a educa\u00e7\u00e3o n\u00e3o formal e aprendizagem ao longo da vida.<\/p>\n<p>A exemplo de anos anteriores, tem um car\u00e1ter <strong>nacional e descentralizado<\/strong>, a levar a cabo em colabora\u00e7\u00e3o com diversos Centros de Compet\u00eancia TIC da ERTE\/Dire\u00e7\u00e3o-Geral da Educa\u00e7\u00e3o do Minist\u00e9rio da Educa\u00e7\u00e3o e Ci\u00eancia e das Institui\u00e7\u00f5es do Ensino Superior (localizados em Braga, Bragan\u00e7a, Coimbra, \u00c9vora, Lisboa, Mangualde, Santar\u00e9m e Set\u00fabal) que integram e complementam, com sess\u00f5es locais e por videoconfer\u00eancia, esta iniciativa da EDUCOM a decorrer em <strong>Vila Real de Santo Ant\u00f3nio<\/strong> e no <strong>Monte de Caparica<\/strong>.<\/p>\n<p>Neste contexto, o TIC@Portugal\u201916 possui tanto sess\u00f5es pr\u00f3prias em cada local de realiza\u00e7\u00e3o, como sess\u00f5es partilhadas por videoconfer\u00eancia, em que todos os participantes estar\u00e3o reunidos num vasto \u201caudit\u00f3rio virtual\u201d, na reflex\u00e3o em torno das pr\u00e1ticas com as TIC nas escolas.<\/p>\n<p>Convidam-se pois todos os professores e educadores a apresentarem publicamente o trabalho que desenvolvem com as TIC nas suas escolas, com especial \u00eanfase para o que envolva situa\u00e7\u00f5es de utiliza\u00e7\u00e3o das tecnologias em contextos de ensino e aprendizagem. Ser\u00e3o tamb\u00e9m acolhidas com muito interesse todas as apresenta\u00e7\u00f5es que relatem pequenas investiga\u00e7\u00f5es do uso das TIC em educa\u00e7\u00e3o.<\/p>\n<p>Not\u00edcias no Facebook em<strong> facebook.com\/educom.apte<\/strong> e no <strong>Twitter em twitter.com\/EDUCOMAPTE<\/strong><\/p>\n<p>As d\u00favidas poder\u00e3o tamb\u00e9m ser esclarecidas atrav\u00e9s de email ou de telefone:<\/p>\n<p><strong>Email:<\/strong> <a href=\"mailto:tic.portugal16@gmail.com\">tic.portugal16@gmail.com<\/a><\/p>\n<p><strong>Tlm:<\/strong> 967301886; 966491170<\/p>\n","protected":false},"excerpt":{"rendered":"<p>Ir\u00e1 realizar-se no dia 1 de julho de 2016, numa iniciativa da Associa\u00e7\u00e3o EDUCOM &#8211; APTE (Associa\u00e7\u00e3o Portuguesa de Telem\u00e1tica Educativa), atrav\u00e9s do seu Centro de Compet\u00eancia TIC e do seu Centro de Forma\u00e7\u00e3o de Professores, a edi\u00e7\u00e3o 2016 do Encontro TIC@Portugal. Este evento tem como objetivo refletir sobre as pr\u00e1ticas do uso das TIC &hellip; <a href=\"https:\/\/wordpress.educom.pt\/TIC-Portugal-16\/o-que-e\/\" class=\"more-link\">Continuar a ler <span class=\"screen-reader-text\">Apresenta\u00e7\u00e3o<\/span> <span class=\"meta-nav\">&rarr;<\/span><\/a><\/p>\n","protected":false},"author":1,"featured_media":0,"parent":0,"menu_order":0,"comment_status":"closed","ping_status":"closed","template":"","meta":[],"_links":{"self":[{"href":"https:\/\/wordpress.educom.pt\/TIC-Portugal-16\/wp-json\/wp\/v2\/pages\/6"}],"collection":[{"href":"https:\/\/wordpress.educom.pt\/TIC-Portugal-16\/wp-json\/wp\/v2\/pages"}],"about":[{"href":"https:\/\/wordpress.educom.pt\/TIC-Portugal-16\/wp-json\/wp\/v2\/types\/page"}],"author":[{"embeddable":true,"href":"https:\/\/wordpress.educom.pt\/TIC-Portugal-16\/wp-json\/wp\/v2\/users\/1"}],"replies":[{"embeddable":true,"href":"https:\/\/wordpress.educom.pt\/TIC-Portugal-16\/wp-json\/wp\/v2\/comments?post=6"}],"version-history":[{"count":8,"href":"https:\/\/wordpress.educom.pt\/TIC-Portugal-16\/wp-json\/wp\/v2\/pages\/6\/revisions"}],"predecessor-version":[{"id":60,"href":"https:\/\/wordpress.educom.pt\/TIC-Portugal-16\/wp-json\/wp\/v2\/pages\/6\/revisions\/60"}],"wp:attachment":[{"href":"https:\/\/wordpress.educom.pt\/TIC-Portugal-16\/wp-json\/wp\/v2\/media?parent=6"}],"curies":[{"name":"wp","href":"https:\/\/api.w.org\/{rel}","templated":true}]}}