{"id":11446,"date":"2021-06-30T09:49:56","date_gmt":"2021-06-30T08:49:56","guid":{"rendered":"https:\/\/wordpress.educom.pt\/TIC-Portugal-21\/?page_id=11446"},"modified":"2021-06-30T09:49:56","modified_gmt":"2021-06-30T08:49:56","slug":"tecnologias-assistivas-e-acessibilidade-virtual","status":"publish","type":"page","link":"https:\/\/wordpress.educom.pt\/TIC-Portugal-21\/programa\/tecnologias-assistivas-e-acessibilidade-virtual\/","title":{"rendered":"Tecnologias assistivas e acessibilidade virtual"},"content":{"rendered":"<p style=\"text-align: center;\">Albino Junior*; Sani Silva**<\/p>\n<p style=\"text-align: center;\">alsjunior@uepg.br; sani@utfpr.edu.br<\/p>\n<p style=\"text-align: center;\">(ccTIC ESE\/IP de Bragan\u00e7a)<\/p>\n<p>&nbsp;<\/p>\n<p>O webinar \u201c<strong>Tecnologias assistivas e acessibilidade virtual<\/strong>\u201d tem como objetivo desenvolver a forma\u00e7\u00e3o de professores para o uso de Tecnologias Digitais de Informa\u00e7\u00e3o e Comunica\u00e7\u00e3o e Tecnologia Assistiva, como recursos pedag\u00f3gicos e de acessibilidade em ambientes virtuais.<br \/>\nNeste webinar abordaremos os conceitos te\u00f3ricos sobre acessibilidade e acessibilidade na web, os benef\u00edcios com uma web acess\u00edvel, al\u00e9m de discutirmos o acesso da pessoa com defici\u00eancia e a utiliza\u00e7\u00e3o de tecnologias assistivas com a apresenta\u00e7\u00e3o de algumas pr\u00e1ticas de web acess\u00edvel.<br \/>\nAssim, dividiremos o webinar em tr\u00eas partes.<\/p>\n<ul>\n<li>Na primeira parte: Conceitos te\u00f3ricos sobre acessibilidade e acessibilidade na web, benef\u00edcios com uma web acess\u00edvel. Iremos fornecer informa\u00e7\u00f5es b\u00e1sicas sobre acessibilidade na Web e prover subs\u00eddio para melhora na sua pr\u00e1tica profissional, na elabora\u00e7\u00e3o de disciplinas e atividades acess\u00edveis, al\u00e9m de realizar uma reflex\u00e3o sobre a import\u00e2ncia do tema em meio a pandemia da COVID-19 e suas implica\u00e7\u00f5es;<\/li>\n<li>Na segunda parte: Acesso da Pessoa com Defici\u00eancia e Tecnologia Assistiva, apresentaremos e discutiremos as principais barreiras que pessoas com defici\u00eancia, pessoas idosas ou com alguma limita\u00e7\u00e3o encontram ao utilizar a Web, bem como apresentar algumas tecnologias assistivas;<\/li>\n<li>Na terceira parte: Pr\u00e1ticas web acess\u00edveis, exemplos de tecnologia assistiva, aprenderemos os conceitos b\u00e1sicos de desenvolvimento de conte\u00fado Web mais acess\u00edvel, seguindo os Padr\u00f5es Web da W3C &#8211; World Wide Web.<\/li>\n<\/ul>\n<div class=\"freebirdFormviewerViewItemsItemItemHeader\">\n<div class=\"freebirdFormviewerViewItemsItemItemTitleDescContainer\">\n<div class=\"freebirdFormviewerViewItemsItemItemTitleContainer\">\n<div id=\"c1770\" class=\"freebirdFormviewerViewItemsItemItemTitle exportItemTitle freebirdCustomFont\" role=\"heading\" aria-level=\"3\" aria-describedby=\"i.desc.2040599508 c1781\"><\/div>\n<\/div>\n<\/div>\n<\/div>\n<div data-input=\"L9xHkb\">\n<div class=\"appsMaterialWizToggleRadiogroupGroupContainer exportGroupContainer freebirdFormviewerViewItemsRadiogroupRadioGroup\" role=\"radiogroup\" aria-labelledby=\"c1770\" aria-describedby=\"i.desc.2040599508 i.err.2040599508\" aria-required=\"true\" data-field-index=\"0\" data-value=\"1h30m\">\n<div class=\"freebirdFormviewerViewItemsRadioChoicesContainer freebirdFormviewerViewItemsRadioDisabledContainer\">\n<div class=\"freebirdFormviewerViewItemsRadioOptionContainer\">\n<div class=\"docssharedWizToggleLabeledLabelWrapper exportLabelWrapper\">\n<div class=\"docssharedWizToggleLabeledContent\">\n<div class=\"docssharedWizToggleLabeledPrimaryText\"><span class=\"docssharedWizToggleLabeledLabelText exportLabel freebirdFormviewerViewItemsRadioLabel\" dir=\"auto\"><strong>Dura\u00e7\u00e3o do webinar: <\/strong>1h30m<\/span><\/div>\n<\/div>\n<\/div>\n<\/div>\n<\/div>\n<\/div>\n<\/div>\n<p><strong>N\u00famero m\u00e1ximo de participantes:<\/strong> 100<\/p>\n<p><strong>Requisitos necess\u00e1rios para a participa\u00e7\u00e3o:<\/strong><\/p>\n<ul>\n<li>Computador;<\/li>\n<li>acesso \u00e0 Internet;<\/li>\n<\/ul>\n<p>&nbsp;<\/p>\n<p>* Albino Szesz Junior \u00e9 Doutor em Ensino Ci\u00eancia e Tecnologia &#8211; UTFPR (2021). Mestre em Computa\u00e7\u00e3o Aplicada &#8211; UEPG (2015). Especialista em M\u00eddias na Educa\u00e7\u00e3o pela UNICENTRO (2015). Bacharel em Engenharia de Computa\u00e7\u00e3o pela Universidade Estadual de Ponta Grossa &#8211; UEPG (2012). Professor e consultor t\u00e9cnico na \u00e1rea de computa\u00e7\u00e3o e educa\u00e7\u00e3o.<\/p>\n<p>** Sani de Carvalho Rutz da Silva \u00e9 Graduada em Licenciatura em Matem\u00e1tica pela Universidade Estadual de Ponta Grossa (UEPG). Mestre em Matem\u00e1tica Aplicada e Doutora em Ci\u00eancia dos Materiais pela Universidade Federal do Rio Grande do Sul (UFRGS). Professora do Programa de P\u00f3s-Gradua\u00e7\u00e3o em Ensino de Ci\u00eancia e Tecnologia. Universidade Tecnol\u00f3gica Federal do Paran\u00e1. Ponta Grossa, PR, Brasil. L\u00edder do Grupo de Pesquisa O Ensino e a Inclus\u00e3o de Pessoas com Defici\u00eancia.<br \/>\nEditora-chefe da Revista Brasileira de Ensino de Ci\u00eancia e Tecnologia (RBECT).<\/p>\n","protected":false},"excerpt":{"rendered":"<p>Albino Junior*; Sani Silva** alsjunior@uepg.br; sani@utfpr.edu.br (ccTIC ESE\/IP de Bragan\u00e7a) &nbsp; O webinar \u201cTecnologias assistivas e acessibilidade virtual\u201d tem como objetivo desenvolver a forma\u00e7\u00e3o de&hellip;<\/p>\n","protected":false},"author":9,"featured_media":0,"parent":17,"menu_order":0,"comment_status":"closed","ping_status":"closed","template":"","meta":[],"_links":{"self":[{"href":"https:\/\/wordpress.educom.pt\/TIC-Portugal-21\/wp-json\/wp\/v2\/pages\/11446"}],"collection":[{"href":"https:\/\/wordpress.educom.pt\/TIC-Portugal-21\/wp-json\/wp\/v2\/pages"}],"about":[{"href":"https:\/\/wordpress.educom.pt\/TIC-Portugal-21\/wp-json\/wp\/v2\/types\/page"}],"author":[{"embeddable":true,"href":"https:\/\/wordpress.educom.pt\/TIC-Portugal-21\/wp-json\/wp\/v2\/users\/9"}],"replies":[{"embeddable":true,"href":"https:\/\/wordpress.educom.pt\/TIC-Portugal-21\/wp-json\/wp\/v2\/comments?post=11446"}],"version-history":[{"count":1,"href":"https:\/\/wordpress.educom.pt\/TIC-Portugal-21\/wp-json\/wp\/v2\/pages\/11446\/revisions"}],"predecessor-version":[{"id":11447,"href":"https:\/\/wordpress.educom.pt\/TIC-Portugal-21\/wp-json\/wp\/v2\/pages\/11446\/revisions\/11447"}],"up":[{"embeddable":true,"href":"https:\/\/wordpress.educom.pt\/TIC-Portugal-21\/wp-json\/wp\/v2\/pages\/17"}],"wp:attachment":[{"href":"https:\/\/wordpress.educom.pt\/TIC-Portugal-21\/wp-json\/wp\/v2\/media?parent=11446"}],"curies":[{"name":"wp","href":"https:\/\/api.w.org\/{rel}","templated":true}]}}