{"id":11671,"date":"2021-07-12T08:35:44","date_gmt":"2021-07-12T07:35:44","guid":{"rendered":"https:\/\/wordpress.educom.pt\/TIC-Portugal-21\/?page_id=11671"},"modified":"2021-07-12T08:35:44","modified_gmt":"2021-07-12T07:35:44","slug":"atividades-de-aprendizagem-ativa-com-recurso-a-ted-lesson","status":"publish","type":"page","link":"https:\/\/wordpress.educom.pt\/TIC-Portugal-21\/programa\/atividades-de-aprendizagem-ativa-com-recurso-a-ted-lesson\/","title":{"rendered":"Atividades de aprendizagem ativa com recurso \u00e0 TED Lesson"},"content":{"rendered":"<p style=\"text-align: center;\">Ana Paula Alves*, L\u00facia Pinheiro**<\/p>\n<p style=\"text-align: center;\">ana.paula.alves@dge.mec.pt; <span data-sheets-value=\"{&quot;1&quot;:2,&quot;2&quot;:&quot;Sess\u00e3o pr\u00e1tica - Iniciativa Laborat\u00f3rios de Aprendizagem ERTE\/DGE. Formadoras: Ana Paula Alves e L\u00facia Pinheiro\\n\\nNOTA BIOGR\u00c1FICA:\\nAna Paula Alves | ana.paula.alves@dge.mec.pt | AE Dr. Francisco Sanches\\n Professora de Matem\u00e1tica do 3.\u00ba ciclo, no Agrupamento de Escolas Dr. Francisco Sanches, em Braga. Doutorada em Ci\u00eancias da Educa\u00e7\u00e3o, especialidade em Tecnologia Educativa. Colaboradora no Centro de Compet\u00eancia em TIC na Educa\u00e7\u00e3o, Universidade do Minho. Embaixadora da iniciativa Laborat\u00f3rios de Aprendizagem da ERTE\/DGE.\\n\\nNOTA BIOGR\u00c1FICA:\\nL\u00facia Pinheiro | lucia.pinheiro@dge.mec.pt | AE de Prado\\nProfessora de Inform\u00e1tica, no Agrupamento de Escolas de Prado, Vila Verde - Braga. Mestre em Matem\u00e1tica Computacional. Embaixadora da iniciativa Laborat\u00f3rios de Aprendizagem da ERTE\/DGE&quot;}\" data-sheets-userformat=\"{&quot;2&quot;:513,&quot;3&quot;:{&quot;1&quot;:0},&quot;12&quot;:0}\">lucia.pinheiro@dge.mec.pt<\/span><\/p>\n<p style=\"text-align: center;\">ccTIC Univ. Minho \u2013 Braga<\/p>\n<p>&nbsp;<\/p>\n<p><span data-sheets-value=\"{&quot;1&quot;:2,&quot;2&quot;:&quot;A iniciativa Laborat\u00f3rios de Aprendizagem (LA) \u00e9 desenvolvida pela Dire\u00e7\u00e3o-Geral da Educa\u00e7\u00e3o, no \u00e2mbito do projeto Future Classroom Lab (FCL) da European Schoolnet (EUN), e consiste na dissemina\u00e7\u00e3o de metodologias para a integra\u00e7\u00e3o curricular das TIC que foram validadas em pilotos de \u00e2mbito europeu.\\nNesta sess\u00e3o, ap\u00f3s uma breve apresenta\u00e7\u00e3o da iniciativa \\&quot;Laborat\u00f3rios de Aprendizagem\u201d os participantes poder\u00e3o experimentar atividades de aprendizagem que promovem o envolvimento ativo por parte dos alunos, utilizando a plataforma TEDEd Lesson, para a cria\u00e7\u00e3o e partilha de uma aula interativa a partir de um v\u00eddeo TED e\/ou Youtube.  No final, ter\u00e3o a oportunidade de refletir sobre a import\u00e2ncia da implementa\u00e7\u00e3o desta pr\u00e1tica pedag\u00f3gica no seu contexto educativo. \\n\\nIniciativa Laborat\u00f3rios de Aprendizagem: https:\/\/www.erte.dge.mec.pt\/laboratorios-de-aprendizagem\\n\\nPlataforma TEDEd Lesson: https:\/\/ed.ted.com\/lessons\\n\\nDestinat\u00e1rios: Professores de todos os n\u00edveis de ensino\\nFormadoras: Ana Paula Alves e L\u00facia Pinheiro\\n&quot;}\" data-sheets-userformat=\"{&quot;2&quot;:513,&quot;3&quot;:{&quot;1&quot;:0},&quot;12&quot;:0}\">A iniciativa Laborat\u00f3rios de Aprendizagem (LA) \u00e9 desenvolvida pela Dire\u00e7\u00e3o-Geral da Educa\u00e7\u00e3o, no \u00e2mbito do projeto <em>Future Classroom Lab<\/em> (FCL) da <em>European Schoolnet<\/em> (EUN), e consiste na dissemina\u00e7\u00e3o de metodologias para a integra\u00e7\u00e3o curricular das TIC que foram validadas em pilotos de \u00e2mbito europeu.<br \/>\nNesta sess\u00e3o, ap\u00f3s uma breve apresenta\u00e7\u00e3o da iniciativa &#8220;Laborat\u00f3rios de Aprendizagem\u201d os participantes poder\u00e3o experimentar atividades de aprendizagem que promovem o envolvimento ativo por parte dos alunos, utilizando a plataforma <em>TEDEd Lesson<\/em>, para a cria\u00e7\u00e3o e partilha de uma aula interativa a partir de um v\u00eddeo TED e\/ou Youtube. No final, ter\u00e3o a oportunidade de refletir sobre a import\u00e2ncia da implementa\u00e7\u00e3o desta pr\u00e1tica pedag\u00f3gica no seu contexto educativo.<\/p>\n<p>Iniciativa Laborat\u00f3rios de Aprendizagem: https:\/\/www.erte.dge.mec.pt\/laboratorios-de-aprendizagem<\/p>\n<p>Plataforma TEDEd Lesson: <a href=\"https:\/\/ed.ted.com\/lessons\" target=\"_blank\" rel=\"noopener\">https:\/\/ed.ted.com\/lessons<\/a><\/span><\/p>\n<p><span data-sheets-value=\"{&quot;1&quot;:2,&quot;2&quot;:&quot;A iniciativa Laborat\u00f3rios de Aprendizagem (LA) \u00e9 desenvolvida pela Dire\u00e7\u00e3o-Geral da Educa\u00e7\u00e3o, no \u00e2mbito do projeto Future Classroom Lab (FCL) da European Schoolnet (EUN), e consiste na dissemina\u00e7\u00e3o de metodologias para a integra\u00e7\u00e3o curricular das TIC que foram validadas em pilotos de \u00e2mbito europeu.\\nNesta sess\u00e3o, ap\u00f3s uma breve apresenta\u00e7\u00e3o da iniciativa \\&quot;Laborat\u00f3rios de Aprendizagem\u201d os participantes poder\u00e3o experimentar atividades de aprendizagem que promovem o envolvimento ativo por parte dos alunos, utilizando a plataforma TEDEd Lesson, para a cria\u00e7\u00e3o e partilha de uma aula interativa a partir de um v\u00eddeo TED e\/ou Youtube.  No final, ter\u00e3o a oportunidade de refletir sobre a import\u00e2ncia da implementa\u00e7\u00e3o desta pr\u00e1tica pedag\u00f3gica no seu contexto educativo. \\n\\nIniciativa Laborat\u00f3rios de Aprendizagem: https:\/\/www.erte.dge.mec.pt\/laboratorios-de-aprendizagem\\n\\nPlataforma TEDEd Lesson: https:\/\/ed.ted.com\/lessons\\n\\nDestinat\u00e1rios: Professores de todos os n\u00edveis de ensino\\nFormadoras: Ana Paula Alves e L\u00facia Pinheiro\\n&quot;}\" data-sheets-userformat=\"{&quot;2&quot;:513,&quot;3&quot;:{&quot;1&quot;:0},&quot;12&quot;:0}\"><strong>Destinat\u00e1rios:<\/strong> Professores de todos os n\u00edveis de ensino<br \/>\n<\/span><\/p>\n<p><strong>N\u00famero m\u00e1ximo de participantes:<\/strong> 20<\/p>\n<p><strong>Requisitos necess\u00e1rios para a participa\u00e7\u00e3o:<\/strong><\/p>\n<ul>\n<li>Computador;<\/li>\n<li>acesso \u00e0 Internet;<\/li>\n<\/ul>\n<p>&nbsp;<\/p>\n<p><span data-sheets-value=\"{&quot;1&quot;:2,&quot;2&quot;:&quot;Sess\u00e3o pr\u00e1tica - Iniciativa Laborat\u00f3rios de Aprendizagem ERTE\/DGE. Formadoras: Ana Paula Alves e L\u00facia Pinheiro\\n\\nNOTA BIOGR\u00c1FICA:\\nAna Paula Alves | ana.paula.alves@dge.mec.pt | AE Dr. Francisco Sanches\\n Professora de Matem\u00e1tica do 3.\u00ba ciclo, no Agrupamento de Escolas Dr. Francisco Sanches, em Braga. Doutorada em Ci\u00eancias da Educa\u00e7\u00e3o, especialidade em Tecnologia Educativa. Colaboradora no Centro de Compet\u00eancia em TIC na Educa\u00e7\u00e3o, Universidade do Minho. Embaixadora da iniciativa Laborat\u00f3rios de Aprendizagem da ERTE\/DGE.\\n\\nNOTA BIOGR\u00c1FICA:\\nL\u00facia Pinheiro | lucia.pinheiro@dge.mec.pt | AE de Prado\\nProfessora de Inform\u00e1tica, no Agrupamento de Escolas de Prado, Vila Verde - Braga. Mestre em Matem\u00e1tica Computacional. Embaixadora da iniciativa Laborat\u00f3rios de Aprendizagem da ERTE\/DGE&quot;}\" data-sheets-userformat=\"{&quot;2&quot;:513,&quot;3&quot;:{&quot;1&quot;:0},&quot;12&quot;:0}\">Sess\u00e3o pr\u00e1tica &#8211; Iniciativa Laborat\u00f3rios de Aprendizagem ERTE\/DGE. Formadoras: Ana Paula Alves e L\u00facia Pinheiro<\/p>\n<p>*Ana Paula Alves | ana.paula.alves@dge.mec.pt | AE Dr. Francisco Sanches<br \/>\nProfessora de Matem\u00e1tica do 3.\u00ba ciclo, no Agrupamento de Escolas Dr. Francisco Sanches, em Braga. Doutorada em Ci\u00eancias da Educa\u00e7\u00e3o, especialidade em Tecnologia Educativa. Colaboradora no Centro de Compet\u00eancia em TIC na Educa\u00e7\u00e3o, Universidade do Minho. Embaixadora da iniciativa Laborat\u00f3rios de Aprendizagem da ERTE\/DGE.<\/p>\n<p>**L\u00facia Pinheiro | lucia.pinheiro@dge.mec.pt | AE de Prado<br \/>\nProfessora de Inform\u00e1tica, no Agrupamento de Escolas de Prado, Vila Verde &#8211; Braga. Mestre em Matem\u00e1tica Computacional. Embaixadora da iniciativa Laborat\u00f3rios de Aprendizagem da ERTE\/DGE<\/span><\/p>\n","protected":false},"excerpt":{"rendered":"<p>Ana Paula Alves*, L\u00facia Pinheiro** ana.paula.alves@dge.mec.pt; lucia.pinheiro@dge.mec.pt ccTIC Univ. Minho \u2013 Braga &nbsp; A iniciativa Laborat\u00f3rios de Aprendizagem (LA) \u00e9 desenvolvida pela Dire\u00e7\u00e3o-Geral da Educa\u00e7\u00e3o,&hellip;<\/p>\n","protected":false},"author":9,"featured_media":0,"parent":17,"menu_order":0,"comment_status":"closed","ping_status":"closed","template":"","meta":[],"_links":{"self":[{"href":"https:\/\/wordpress.educom.pt\/TIC-Portugal-21\/wp-json\/wp\/v2\/pages\/11671"}],"collection":[{"href":"https:\/\/wordpress.educom.pt\/TIC-Portugal-21\/wp-json\/wp\/v2\/pages"}],"about":[{"href":"https:\/\/wordpress.educom.pt\/TIC-Portugal-21\/wp-json\/wp\/v2\/types\/page"}],"author":[{"embeddable":true,"href":"https:\/\/wordpress.educom.pt\/TIC-Portugal-21\/wp-json\/wp\/v2\/users\/9"}],"replies":[{"embeddable":true,"href":"https:\/\/wordpress.educom.pt\/TIC-Portugal-21\/wp-json\/wp\/v2\/comments?post=11671"}],"version-history":[{"count":1,"href":"https:\/\/wordpress.educom.pt\/TIC-Portugal-21\/wp-json\/wp\/v2\/pages\/11671\/revisions"}],"predecessor-version":[{"id":11672,"href":"https:\/\/wordpress.educom.pt\/TIC-Portugal-21\/wp-json\/wp\/v2\/pages\/11671\/revisions\/11672"}],"up":[{"embeddable":true,"href":"https:\/\/wordpress.educom.pt\/TIC-Portugal-21\/wp-json\/wp\/v2\/pages\/17"}],"wp:attachment":[{"href":"https:\/\/wordpress.educom.pt\/TIC-Portugal-21\/wp-json\/wp\/v2\/media?parent=11671"}],"curies":[{"name":"wp","href":"https:\/\/api.w.org\/{rel}","templated":true}]}}