{"id":1751,"date":"2023-06-21T10:22:53","date_gmt":"2023-06-21T10:22:53","guid":{"rendered":"https:\/\/wordpress.educom.pt\/TIC-Portugal-23\/?page_id=1751"},"modified":"2023-06-25T16:21:07","modified_gmt":"2023-06-25T16:21:07","slug":"sp6faro-profissao","status":"publish","type":"page","link":"https:\/\/wordpress.educom.pt\/TIC-Portugal-23\/sp6faro-profissao\/","title":{"rendered":"Qual vai ser a tua profiss\u00e3o sustent\u00e1vel?"},"content":{"rendered":"\t\t<div data-elementor-type=\"wp-page\" data-elementor-id=\"1751\" class=\"elementor elementor-1751\">\n\t\t\t\t\t\t\t<div class=\"elementor-element elementor-element-9f4961d e-con-boxed e-flex e-con\" data-id=\"9f4961d\" data-element_type=\"container\" data-settings=\"{&quot;content_width&quot;:&quot;boxed&quot;}\">\n\t\t\t\t\t<div class=\"e-con-inner\">\n\t\t\t\t<div class=\"elementor-element elementor-element-fdebc36 elementor-widget elementor-widget-heading\" data-id=\"fdebc36\" data-element_type=\"widget\" data-widget_type=\"heading.default\">\n\t\t\t\t<div class=\"elementor-widget-container\">\n\t\t\t<style>\/*! elementor - v3.13.1 - 09-05-2023 *\/\n.elementor-heading-title{padding:0;margin:0;line-height:1}.elementor-widget-heading .elementor-heading-title[class*=elementor-size-]>a{color:inherit;font-size:inherit;line-height:inherit}.elementor-widget-heading .elementor-heading-title.elementor-size-small{font-size:15px}.elementor-widget-heading .elementor-heading-title.elementor-size-medium{font-size:19px}.elementor-widget-heading .elementor-heading-title.elementor-size-large{font-size:29px}.elementor-widget-heading .elementor-heading-title.elementor-size-xl{font-size:39px}.elementor-widget-heading .elementor-heading-title.elementor-size-xxl{font-size:59px}<\/style><h6 class=\"elementor-heading-title elementor-size-default\">Comunica\u00e7\u00e3o Convencional - TIC@Portugal'23 - Faro<\/h6>\t\t<\/div>\n\t\t\t\t<\/div>\n\t\t\t\t<div class=\"elementor-element elementor-element-d58c4f4 elementor-invisible elementor-widget elementor-widget-text-editor\" data-id=\"d58c4f4\" data-element_type=\"widget\" data-settings=\"{&quot;_animation&quot;:&quot;fadeInDown&quot;}\" data-widget_type=\"text-editor.default\">\n\t\t\t\t<div class=\"elementor-widget-container\">\n\t\t\t<style>\/*! elementor - v3.13.1 - 09-05-2023 *\/\n.elementor-widget-text-editor.elementor-drop-cap-view-stacked .elementor-drop-cap{background-color:#69727d;color:#fff}.elementor-widget-text-editor.elementor-drop-cap-view-framed .elementor-drop-cap{color:#69727d;border:3px solid;background-color:transparent}.elementor-widget-text-editor:not(.elementor-drop-cap-view-default) .elementor-drop-cap{margin-top:8px}.elementor-widget-text-editor:not(.elementor-drop-cap-view-default) .elementor-drop-cap-letter{width:1em;height:1em}.elementor-widget-text-editor .elementor-drop-cap{float:left;text-align:center;line-height:1;font-size:50px}.elementor-widget-text-editor .elementor-drop-cap-letter{display:inline-block}<\/style>\t\t\t\t<p>Por <strong>Marta Saraiva<\/strong>, AE Professor Paula Nogueira, EB1- Jos\u00e9 Mariano Gago &#8211; Pech\u00e3o<\/p>\t\t\t\t\t\t<\/div>\n\t\t\t\t<\/div>\n\t\t\t\t<div class=\"elementor-element elementor-element-66218f0 elementor-invisible elementor-widget elementor-widget-text-editor\" data-id=\"66218f0\" data-element_type=\"widget\" data-settings=\"{&quot;_animation&quot;:&quot;fadeInUp&quot;}\" data-widget_type=\"text-editor.default\">\n\t\t\t\t<div class=\"elementor-widget-container\">\n\t\t\t\t\t\t\t<p>A import\u00e2ncia da sustentabilidade das futuras gera\u00e7\u00f5es leva-nos \u00e0 necessidade constante de repensarmos o modo como vivemos, o modo como garantimos a sustentabilidade ambiental do nosso planeta e o modo como educamos. Foi desta forma que surgiu o micro projeto&nbsp;<span style=\"font-weight: 700;\">SOS Planeta&nbsp;<\/span>&#8211; da necessidade de envolver os nossos jovens em ambientes nutritivos. <br>O micro projeto <b>SOS Planeta<\/b> foi desenvolvido sobretudo na EB1 Jos\u00e9 Mariano Gago de Pech\u00e3o \u00e9 um projeto que pretende continuar a apresentar o qu\u00e3o importante \u00e9 a educa\u00e7\u00e3o ambiental e a orienta\u00e7\u00e3o vocacional dos nossos jovens desde tenra idade. Ao longo de todo o ano letivo. Todos s\u00e3o convidados a estar atentos e preocupados com o meio ambiente em seu redor. Diariamente separam e reaproveitam materiais, para fazer novas constru\u00e7\u00f5es art\u00edsticas, planta\u00e7\u00f5es, jogos e at\u00e9 sonharem com a sua futura profiss\u00e3o sustent\u00e1vel. Coloc\u00e1-los a sonhar e a pensar no seu amanh\u00e3 pode ser muito inspirador. <br>Este ano letivo no culminar deste projeto foi apresentado um concurso aos alunos, no 3.\u00ba per\u00edodo, na biblioteca escolar, local onde se podiam inscrever-se e enviar por email os seus trabalhos de escrita, desenho, v\u00eddeo, numa simples partilha de foto ou documento.<br>De forma a tornarem o seu trabalho mais criativo foram convidados a utilizar aplica\u00e7\u00f5es inform\u00e1ticas como por exemplo as aplica\u00e7\u00f5es Canva ou genially.<br>A ades\u00e3o foi espetacular! Penso que estas reflex\u00f5es sobre os seus futuros profissionais desde tenra idade s\u00e3o muito importantes e significativas. <br>A Observa\u00e7\u00e3o e a constru\u00e7\u00e3o do autoconhecimento, potenciar\u00e1 gostos e aptid\u00f5es pessoais, promovendo assim a orienta\u00e7\u00e3o e desenvolvimento vocacional com sentido sustent\u00e1vel. Colocar as tecnologias ao servi\u00e7o da educa\u00e7\u00e3o ambiental \u00e9 porventura uma das nossas maiores contribui\u00e7\u00f5es para a humanidade. Pois d\u00e1&#8211;nos a possibilidade de criar e redirecionar os interesses e motiva\u00e7\u00f5es tecnol\u00f3gicas para o que realmente importa, a nossa sustentabilidade. Vamos alicer\u00e7ar o nosso conhecimento no passado, agregar tecnologias e projetar um futuro sustent\u00e1vel. Transbordando partilhas, de todas as nossas a\u00e7\u00f5es e das a\u00e7\u00f5es, para mitigar cada a\u00e7\u00e3o sustent\u00e1vel, rumo \u00e1 neutralidade carb\u00f3nica. Na defesa de um futuro verdadeiramente sustent\u00e1vel para os jovens, porque eles s\u00e3o o nosso amanh\u00e3.<\/p>\t\t\t\t\t\t<\/div>\n\t\t\t\t<\/div>\n\t\t\t\t\t<\/div>\n\t\t\t\t<\/div>\n\t\t\t\t\t\t\t<\/div>\n\t\t","protected":false},"excerpt":{"rendered":"<p>Comunica\u00e7\u00e3o Convencional &#8211; TIC@Portugal&#8217;23 &#8211; Faro Por Marta Saraiva, AE Professor Paula Nogueira, EB1- Jos\u00e9 Mariano Gago &#8211; Pech\u00e3o A import\u00e2ncia da sustentabilidade das futuras gera\u00e7\u00f5es leva-nos \u00e0 necessidade constante de repensarmos o modo como vivemos, o modo como garantimos a sustentabilidade ambiental do nosso planeta e o modo como educamos. Foi desta forma que surgiu o micro projeto&nbsp;SOS Planeta&nbsp;&#8211; da necessidade de envolver os nossos jovens em ambientes nutritivos. O micro projeto SOS Planeta foi desenvolvido sobretudo na EB1 Jos\u00e9 Mariano Gago de Pech\u00e3o \u00e9 um projeto que pretende continuar a apresentar o qu\u00e3o importante \u00e9 a educa\u00e7\u00e3o ambiental\u2026<\/p>\n","protected":false},"author":2,"featured_media":0,"parent":0,"menu_order":0,"comment_status":"closed","ping_status":"closed","template":"","meta":{"footnotes":""},"class_list":["post-1751","page","type-page","status-publish","hentry"],"blocksy_meta":"","_links":{"self":[{"href":"https:\/\/wordpress.educom.pt\/TIC-Portugal-23\/wp-json\/wp\/v2\/pages\/1751","targetHints":{"allow":["GET"]}}],"collection":[{"href":"https:\/\/wordpress.educom.pt\/TIC-Portugal-23\/wp-json\/wp\/v2\/pages"}],"about":[{"href":"https:\/\/wordpress.educom.pt\/TIC-Portugal-23\/wp-json\/wp\/v2\/types\/page"}],"author":[{"embeddable":true,"href":"https:\/\/wordpress.educom.pt\/TIC-Portugal-23\/wp-json\/wp\/v2\/users\/2"}],"replies":[{"embeddable":true,"href":"https:\/\/wordpress.educom.pt\/TIC-Portugal-23\/wp-json\/wp\/v2\/comments?post=1751"}],"version-history":[{"count":7,"href":"https:\/\/wordpress.educom.pt\/TIC-Portugal-23\/wp-json\/wp\/v2\/pages\/1751\/revisions"}],"predecessor-version":[{"id":1991,"href":"https:\/\/wordpress.educom.pt\/TIC-Portugal-23\/wp-json\/wp\/v2\/pages\/1751\/revisions\/1991"}],"wp:attachment":[{"href":"https:\/\/wordpress.educom.pt\/TIC-Portugal-23\/wp-json\/wp\/v2\/media?parent=1751"}],"curies":[{"name":"wp","href":"https:\/\/api.w.org\/{rel}","templated":true}]}}