{"id":2128,"date":"2023-06-30T13:29:39","date_gmt":"2023-06-30T13:29:39","guid":{"rendered":"https:\/\/wordpress.educom.pt\/TIC-Portugal-23\/?page_id=2128"},"modified":"2023-06-30T13:32:41","modified_gmt":"2023-06-30T13:32:41","slug":"spmonte5-robos","status":"publish","type":"page","link":"https:\/\/wordpress.educom.pt\/TIC-Portugal-23\/spmonte5-robos\/","title":{"rendered":"Os Rob\u00f4s tamb\u00e9m v\u00e3o \u00e0 escola!"},"content":{"rendered":"\t\t<div data-elementor-type=\"wp-page\" data-elementor-id=\"2128\" class=\"elementor elementor-2128\">\n\t\t\t\t\t\t\t<div class=\"elementor-element elementor-element-9f4961d e-con-boxed e-flex e-con\" data-id=\"9f4961d\" data-element_type=\"container\" data-settings=\"{&quot;content_width&quot;:&quot;boxed&quot;}\">\n\t\t\t\t\t<div class=\"e-con-inner\">\n\t\t\t\t<div class=\"elementor-element elementor-element-fdebc36 elementor-widget elementor-widget-heading\" data-id=\"fdebc36\" data-element_type=\"widget\" data-widget_type=\"heading.default\">\n\t\t\t\t<div class=\"elementor-widget-container\">\n\t\t\t<style>\/*! elementor - v3.13.1 - 09-05-2023 *\/\n.elementor-heading-title{padding:0;margin:0;line-height:1}.elementor-widget-heading .elementor-heading-title[class*=elementor-size-]>a{color:inherit;font-size:inherit;line-height:inherit}.elementor-widget-heading .elementor-heading-title.elementor-size-small{font-size:15px}.elementor-widget-heading .elementor-heading-title.elementor-size-medium{font-size:19px}.elementor-widget-heading .elementor-heading-title.elementor-size-large{font-size:29px}.elementor-widget-heading .elementor-heading-title.elementor-size-xl{font-size:39px}.elementor-widget-heading .elementor-heading-title.elementor-size-xxl{font-size:59px}<\/style><h6 class=\"elementor-heading-title elementor-size-default\">Sess\u00e3o Pr\u00e1tica - TIC@Portugal'23 - Monte de Caparica - NOVA School of Science and Technology<\/h6>\t\t<\/div>\n\t\t\t\t<\/div>\n\t\t\t\t<div class=\"elementor-element elementor-element-d58c4f4 elementor-invisible elementor-widget elementor-widget-text-editor\" data-id=\"d58c4f4\" data-element_type=\"widget\" data-settings=\"{&quot;_animation&quot;:&quot;fadeInDown&quot;}\" data-widget_type=\"text-editor.default\">\n\t\t\t\t<div class=\"elementor-widget-container\">\n\t\t\t<style>\/*! elementor - v3.13.1 - 09-05-2023 *\/\n.elementor-widget-text-editor.elementor-drop-cap-view-stacked .elementor-drop-cap{background-color:#69727d;color:#fff}.elementor-widget-text-editor.elementor-drop-cap-view-framed .elementor-drop-cap{color:#69727d;border:3px solid;background-color:transparent}.elementor-widget-text-editor:not(.elementor-drop-cap-view-default) .elementor-drop-cap{margin-top:8px}.elementor-widget-text-editor:not(.elementor-drop-cap-view-default) .elementor-drop-cap-letter{width:1em;height:1em}.elementor-widget-text-editor .elementor-drop-cap{float:left;text-align:center;line-height:1;font-size:50px}.elementor-widget-text-editor .elementor-drop-cap-letter{display:inline-block}<\/style>\t\t\t\t<p>Por <strong>Marta Esp\u00edrito Santo<\/strong>, <strong>Ricardo Maur\u00edcio<\/strong>, <strong>L\u00eddia Lopes<\/strong>, <strong>Maximina Raposo<\/strong> e <strong>Elisabete Mariano<\/strong>, Agrupamento de Escolas Prof. Ruy Lu\u00eds Gomes<\/p>\t\t\t\t\t\t<\/div>\n\t\t\t\t<\/div>\n\t\t\t\t<div class=\"elementor-element elementor-element-66218f0 elementor-invisible elementor-widget elementor-widget-text-editor\" data-id=\"66218f0\" data-element_type=\"widget\" data-settings=\"{&quot;_animation&quot;:&quot;fadeInUp&quot;}\" data-widget_type=\"text-editor.default\">\n\t\t\t\t<div class=\"elementor-widget-container\">\n\t\t\t\t\t\t\t<p>Nesta atividade pr\u00e1tica, pretende-se que os participantes da sess\u00e3o desenvolvam o pensamento computacional, promovendo a utiliza\u00e7\u00e3o diversificada de recursos, tais como rob\u00f4s. Estes rob\u00f4s ser\u00e3o programados com fins educativos, refletindo sobre as potencialidades pedag\u00f3gicas das tecnologias de informa\u00e7\u00e3o e comunica\u00e7\u00e3o, numa l\u00f3gica de inova\u00e7\u00e3o curricular. Neste sentido, procurar-se-\u00e1 desenvolver formas de operacionaliza\u00e7\u00e3o de atividades did\u00e1ticas com o recurso \u00e0 rob\u00f3tica educativa.<\/p><p><strong>Destinat\u00e1rios:<\/strong> Transversal &#8211; 1\u00ba, 2\u00ba e 3\u00ba ciclo<\/p>\t\t\t\t\t\t<\/div>\n\t\t\t\t<\/div>\n\t\t\t\t\t<\/div>\n\t\t\t\t<\/div>\n\t\t\t\t\t\t\t<\/div>\n\t\t","protected":false},"excerpt":{"rendered":"<p>Sess\u00e3o Pr\u00e1tica &#8211; TIC@Portugal&#8217;23 &#8211; Monte de Caparica &#8211; NOVA School of Science and Technology Por Marta Esp\u00edrito Santo, Ricardo Maur\u00edcio, L\u00eddia Lopes, Maximina Raposo e Elisabete Mariano, Agrupamento de Escolas Prof. Ruy Lu\u00eds Gomes Nesta atividade pr\u00e1tica, pretende-se que os participantes da sess\u00e3o desenvolvam o pensamento computacional, promovendo a utiliza\u00e7\u00e3o diversificada de recursos, tais como rob\u00f4s. Estes rob\u00f4s ser\u00e3o programados com fins educativos, refletindo sobre as potencialidades pedag\u00f3gicas das tecnologias de informa\u00e7\u00e3o e comunica\u00e7\u00e3o, numa l\u00f3gica de inova\u00e7\u00e3o curricular. Neste sentido, procurar-se-\u00e1 desenvolver formas de operacionaliza\u00e7\u00e3o de atividades did\u00e1ticas com o recurso \u00e0 rob\u00f3tica educativa. Destinat\u00e1rios: Transversal &#8211; 1\u00ba,\u2026<\/p>\n","protected":false},"author":2,"featured_media":0,"parent":0,"menu_order":0,"comment_status":"closed","ping_status":"closed","template":"","meta":{"footnotes":""},"class_list":["post-2128","page","type-page","status-publish","hentry"],"blocksy_meta":"","_links":{"self":[{"href":"https:\/\/wordpress.educom.pt\/TIC-Portugal-23\/wp-json\/wp\/v2\/pages\/2128","targetHints":{"allow":["GET"]}}],"collection":[{"href":"https:\/\/wordpress.educom.pt\/TIC-Portugal-23\/wp-json\/wp\/v2\/pages"}],"about":[{"href":"https:\/\/wordpress.educom.pt\/TIC-Portugal-23\/wp-json\/wp\/v2\/types\/page"}],"author":[{"embeddable":true,"href":"https:\/\/wordpress.educom.pt\/TIC-Portugal-23\/wp-json\/wp\/v2\/users\/2"}],"replies":[{"embeddable":true,"href":"https:\/\/wordpress.educom.pt\/TIC-Portugal-23\/wp-json\/wp\/v2\/comments?post=2128"}],"version-history":[{"count":4,"href":"https:\/\/wordpress.educom.pt\/TIC-Portugal-23\/wp-json\/wp\/v2\/pages\/2128\/revisions"}],"predecessor-version":[{"id":2133,"href":"https:\/\/wordpress.educom.pt\/TIC-Portugal-23\/wp-json\/wp\/v2\/pages\/2128\/revisions\/2133"}],"wp:attachment":[{"href":"https:\/\/wordpress.educom.pt\/TIC-Portugal-23\/wp-json\/wp\/v2\/media?parent=2128"}],"curies":[{"name":"wp","href":"https:\/\/api.w.org\/{rel}","templated":true}]}}