{"id":2201,"date":"2023-06-30T14:59:10","date_gmt":"2023-06-30T14:59:10","guid":{"rendered":"https:\/\/wordpress.educom.pt\/TIC-Portugal-23\/?page_id=2201"},"modified":"2023-06-30T17:27:10","modified_gmt":"2023-06-30T17:27:10","slug":"cc10san-penscomputacionaledinf","status":"publish","type":"page","link":"https:\/\/wordpress.educom.pt\/TIC-Portugal-23\/cc10san-penscomputacionaledinf\/","title":{"rendered":"Pensamento Computacional na Educa\u00e7\u00e3o de Inf\u00e2ncia"},"content":{"rendered":"\t\t<div data-elementor-type=\"wp-page\" data-elementor-id=\"2201\" class=\"elementor elementor-2201\">\n\t\t\t\t\t\t\t<div class=\"elementor-element elementor-element-9f4961d e-con-boxed e-flex e-con\" data-id=\"9f4961d\" data-element_type=\"container\" data-settings=\"{&quot;content_width&quot;:&quot;boxed&quot;}\">\n\t\t\t\t\t<div class=\"e-con-inner\">\n\t\t\t\t<div class=\"elementor-element elementor-element-fdebc36 elementor-widget elementor-widget-heading\" data-id=\"fdebc36\" data-element_type=\"widget\" data-widget_type=\"heading.default\">\n\t\t\t\t<div class=\"elementor-widget-container\">\n\t\t\t<style>\/*! elementor - v3.13.1 - 09-05-2023 *\/\n.elementor-heading-title{padding:0;margin:0;line-height:1}.elementor-widget-heading .elementor-heading-title[class*=elementor-size-]>a{color:inherit;font-size:inherit;line-height:inherit}.elementor-widget-heading .elementor-heading-title.elementor-size-small{font-size:15px}.elementor-widget-heading .elementor-heading-title.elementor-size-medium{font-size:19px}.elementor-widget-heading .elementor-heading-title.elementor-size-large{font-size:29px}.elementor-widget-heading .elementor-heading-title.elementor-size-xl{font-size:39px}.elementor-widget-heading .elementor-heading-title.elementor-size-xxl{font-size:59px}<\/style><h6 class=\"elementor-heading-title elementor-size-default\">Comunica\u00e7\u00e3o Convencional - TIC@Portugal'23 - Santar\u00e9m<\/h6>\t\t<\/div>\n\t\t\t\t<\/div>\n\t\t\t\t<div class=\"elementor-element elementor-element-d58c4f4 elementor-invisible elementor-widget elementor-widget-text-editor\" data-id=\"d58c4f4\" data-element_type=\"widget\" data-settings=\"{&quot;_animation&quot;:&quot;fadeInDown&quot;}\" data-widget_type=\"text-editor.default\">\n\t\t\t\t<div class=\"elementor-widget-container\">\n\t\t\t<style>\/*! elementor - v3.13.1 - 09-05-2023 *\/\n.elementor-widget-text-editor.elementor-drop-cap-view-stacked .elementor-drop-cap{background-color:#69727d;color:#fff}.elementor-widget-text-editor.elementor-drop-cap-view-framed .elementor-drop-cap{color:#69727d;border:3px solid;background-color:transparent}.elementor-widget-text-editor:not(.elementor-drop-cap-view-default) .elementor-drop-cap{margin-top:8px}.elementor-widget-text-editor:not(.elementor-drop-cap-view-default) .elementor-drop-cap-letter{width:1em;height:1em}.elementor-widget-text-editor .elementor-drop-cap{float:left;text-align:center;line-height:1;font-size:50px}.elementor-widget-text-editor .elementor-drop-cap-letter{display:inline-block}<\/style>\t\t\t\t<p>Por <strong>Paula Valadas<\/strong> e <strong>Rosa Ramos<\/strong>, AE Fernando Casimiro Pereira da Silva<\/p>\t\t\t\t\t\t<\/div>\n\t\t\t\t<\/div>\n\t\t\t\t<div class=\"elementor-element elementor-element-66218f0 elementor-invisible elementor-widget elementor-widget-text-editor\" data-id=\"66218f0\" data-element_type=\"widget\" data-settings=\"{&quot;_animation&quot;:&quot;fadeInUp&quot;}\" data-widget_type=\"text-editor.default\">\n\t\t\t\t<div class=\"elementor-widget-container\">\n\t\t\t\t\t\t\t<p>Na sequ\u00eancia da forma\u00e7\u00e3o Ambientes Digitais na Educa\u00e7\u00e3o de Inf\u00e2ncia surgem nas turmas das autoras resultados inesperados no envolvimento dos alunos, nomeadamente na introdu\u00e7\u00e3o aut\u00f3noma das mesmas nas suas brincadeiras livres. O trabalho subsequente foi o envolvimento dos alunos na planifica\u00e7\u00e3o de mais atividades de pensamento computacional e o alargamento a todas as turmas do Centro Escolar Poeta Ruy Belo.<\/p>\t\t\t\t\t\t<\/div>\n\t\t\t\t<\/div>\n\t\t\t\t\t<\/div>\n\t\t\t\t<\/div>\n\t\t\t\t\t\t\t<\/div>\n\t\t","protected":false},"excerpt":{"rendered":"<p>Comunica\u00e7\u00e3o Convencional &#8211; TIC@Portugal&#8217;23 &#8211; Santar\u00e9m Por Paula Valadas e Rosa Ramos, AE Fernando Casimiro Pereira da Silva Na sequ\u00eancia da forma\u00e7\u00e3o Ambientes Digitais na Educa\u00e7\u00e3o de Inf\u00e2ncia surgem nas turmas das autoras resultados inesperados no envolvimento dos alunos, nomeadamente na introdu\u00e7\u00e3o aut\u00f3noma das mesmas nas suas brincadeiras livres. O trabalho subsequente foi o envolvimento dos alunos na planifica\u00e7\u00e3o de mais atividades de pensamento computacional e o alargamento a todas as turmas do Centro Escolar Poeta Ruy Belo.<\/p>\n","protected":false},"author":2,"featured_media":0,"parent":0,"menu_order":0,"comment_status":"closed","ping_status":"closed","template":"","meta":{"footnotes":""},"class_list":["post-2201","page","type-page","status-publish","hentry"],"blocksy_meta":"","_links":{"self":[{"href":"https:\/\/wordpress.educom.pt\/TIC-Portugal-23\/wp-json\/wp\/v2\/pages\/2201","targetHints":{"allow":["GET"]}}],"collection":[{"href":"https:\/\/wordpress.educom.pt\/TIC-Portugal-23\/wp-json\/wp\/v2\/pages"}],"about":[{"href":"https:\/\/wordpress.educom.pt\/TIC-Portugal-23\/wp-json\/wp\/v2\/types\/page"}],"author":[{"embeddable":true,"href":"https:\/\/wordpress.educom.pt\/TIC-Portugal-23\/wp-json\/wp\/v2\/users\/2"}],"replies":[{"embeddable":true,"href":"https:\/\/wordpress.educom.pt\/TIC-Portugal-23\/wp-json\/wp\/v2\/comments?post=2201"}],"version-history":[{"count":7,"href":"https:\/\/wordpress.educom.pt\/TIC-Portugal-23\/wp-json\/wp\/v2\/pages\/2201\/revisions"}],"predecessor-version":[{"id":2220,"href":"https:\/\/wordpress.educom.pt\/TIC-Portugal-23\/wp-json\/wp\/v2\/pages\/2201\/revisions\/2220"}],"wp:attachment":[{"href":"https:\/\/wordpress.educom.pt\/TIC-Portugal-23\/wp-json\/wp\/v2\/media?parent=2201"}],"curies":[{"name":"wp","href":"https:\/\/api.w.org\/{rel}","templated":true}]}}